{"id":3278,"date":"2024-11-21T17:59:19","date_gmt":"2024-11-21T15:59:19","guid":{"rendered":"https:\/\/www.weinfreunde-vom-hellweg.de\/alex\/wordpress\/?page_id=3278"},"modified":"2024-11-21T21:16:21","modified_gmt":"2024-11-21T19:16:21","slug":"weinreise-suedtirol","status":"publish","type":"page","link":"https:\/\/www.weinfreunde-vom-hellweg.de\/alex\/wordpress\/?page_id=3278","title":{"rendered":"Weinreise S\u00fcdtirol"},"content":{"rendered":"\n<p>Samstag, 02.10.2010 bis Sonntag, 10.10.2010<\/p>\n\n\n\n<p>Im Herbst 2010 f\u00fchrte uns die Reise in ein Gebiet das f\u00fcr Wintersportler wie f\u00fcr Wanderfreunde eine Menge zu bieten hat. Es war S\u00fcdtirol, die Heimat von Reinhold Messner und der Kastelruther Spatzen. Aber auch wegen seiner hervorragenden Weine ist S\u00fcdtirol bekannt und beliebt zugleich. Denn S\u00fcdtirols St\u00e4rke im Weinbau liegt nicht in der produzierten Menge, sondern in der Qualit\u00e4t. Das Klima ist stark mediterran gepr\u00e4gt und variiert mit den H\u00f6henlagen. In Kombination mit den B\u00f6den und der Geschicke der Winzer entstehen besondere Weine. Zudem ist die S\u00fcdtiroler K\u00fcche bekannt f\u00fcr Tiroler Speck, Schlupfkrapfen, Kaiserschmarrn und Apfelstrudel, um nur einige K\u00f6stlichkeiten zu nennen.<\/p>\n\n\n\n<p>F\u00fcr die Planung und Reiseleitung zeichneten Helmut Eichhorst und Andreas Braier verantwortlich, die ihre Aufgaben mit Bravour meisterten. Ihnen gilt daher ein herzliches Dankesch\u00f6n.<\/p>\n\n\n\n<p>Am Samstag, dem 2. Oktober, reisten wir fr\u00fchmorgens mit dem Bus der Firma KS-Reisen aus Fr\u00f6ndenberg an. Die Anfahrt erfolgte reibungslos, und so kamen wir wie geplant p\u00fcnktlich gegen 16.30 Uhr in Kaltern an. Dank zu sagen ist auch unserem freundlichen Busfahrer, der in allen Situationen die \u00dcbersicht behielt und Ruhe bewahrte. Dass hin und wieder im Omnibus die Regenschirme aufgespannt werden mussten, lag eher nicht an unserem erfahrenen und umsichtigen Busfahrer. Die Ursache war vielmehr darin zu suchen, dass der sonst so bequeme Reisebus schon in die Jahre gekommen war.<\/p>\n\n\n\n<div class=\"wp-block-columns is-layout-flex wp-container-core-columns-is-layout-9d6595d7 wp-block-columns-is-layout-flex\">\n<div class=\"wp-block-column is-layout-flow wp-block-column-is-layout-flow\">\n<p>Nach dem Einchecken gab es um 18 Uhr den angek\u00fcndigten Sektempfang mit anschlie\u00dfendem Abendessen im Hotel. Obwohl alle in bester Urlaubsstimmung waren, merkte man den Teilnehmern doch die lange Fahrt rund um die Uhr an, so dass wir nach Genuss der ersten Weine den Tag fr\u00fchzeitig enden lie\u00dfen. So konnte am andern Morgen der erste Tag ausgeruht voller Erwartungen beginnen.<\/p>\n<\/div>\n\n\n\n<div class=\"wp-block-column is-layout-flow wp-block-column-is-layout-flow\">\n<figure class=\"wp-block-image size-full\"><a href=\"https:\/\/www.weinfreunde-vom-hellweg.de\/alex\/wordpress\/wp-content\/uploads\/2024\/11\/Suedtirol01.jpg\"><img loading=\"lazy\" decoding=\"async\" width=\"832\" height=\"622\" src=\"https:\/\/www.weinfreunde-vom-hellweg.de\/alex\/wordpress\/wp-content\/uploads\/2024\/11\/Suedtirol01.jpg\" alt=\"\" class=\"wp-image-3294\" srcset=\"https:\/\/www.weinfreunde-vom-hellweg.de\/alex\/wordpress\/wp-content\/uploads\/2024\/11\/Suedtirol01.jpg 832w, https:\/\/www.weinfreunde-vom-hellweg.de\/alex\/wordpress\/wp-content\/uploads\/2024\/11\/Suedtirol01-300x224.jpg 300w, https:\/\/www.weinfreunde-vom-hellweg.de\/alex\/wordpress\/wp-content\/uploads\/2024\/11\/Suedtirol01-768x574.jpg 768w\" sizes=\"auto, (max-width: 832px) 100vw, 832px\" \/><\/a><\/figure>\n<\/div>\n<\/div>\n\n\n\n<p><strong>Sonntag, 3. Oktober &#8211; Tramin<\/strong><\/p>\n\n\n\n<p>Nach einem ausgiebigen Fr\u00fchst\u00fcck begann die Fahrt mit unserem Bus gegen 9 Uhr nach Tramin. Als vorteilhaft erwies sich, dass uns der Bus die ganze Woche \u00fcber zur Verf\u00fcgung stand und wir somit schnell und komfortabel zu den Ausflugszielen gelangen konnten.<\/p>\n\n\n\n<div class=\"wp-block-columns is-layout-flex wp-container-core-columns-is-layout-9d6595d7 wp-block-columns-is-layout-flex\">\n<div class=\"wp-block-column is-layout-flow wp-block-column-is-layout-flow\">\n<p>In Tramin begann bei bedecktem Wetter eine kurze Wanderung, wobei wir die ersten Eindr\u00fccke von S\u00fcdtirol und der Bergwelt bekamen. Wir besichtigten das Kirchlein St. Jakob in Kastelaz, an das sp\u00e4ter ein gotisches Parallelschiff angebaut wurde. Beide Kirchenschiffe sind mit Fresken aus der Zeit der Entstehung der Kirche versehen.<\/p>\n<\/div>\n\n\n\n<div class=\"wp-block-column is-layout-flow wp-block-column-is-layout-flow\">\n<figure class=\"wp-block-image size-full\"><a href=\"https:\/\/www.weinfreunde-vom-hellweg.de\/alex\/wordpress\/wp-content\/uploads\/2024\/11\/Suedtirol-02.jpg\"><img loading=\"lazy\" decoding=\"async\" width=\"800\" height=\"600\" src=\"https:\/\/www.weinfreunde-vom-hellweg.de\/alex\/wordpress\/wp-content\/uploads\/2024\/11\/Suedtirol-02.jpg\" alt=\"\" class=\"wp-image-3287\" srcset=\"https:\/\/www.weinfreunde-vom-hellweg.de\/alex\/wordpress\/wp-content\/uploads\/2024\/11\/Suedtirol-02.jpg 800w, https:\/\/www.weinfreunde-vom-hellweg.de\/alex\/wordpress\/wp-content\/uploads\/2024\/11\/Suedtirol-02-300x225.jpg 300w, https:\/\/www.weinfreunde-vom-hellweg.de\/alex\/wordpress\/wp-content\/uploads\/2024\/11\/Suedtirol-02-768x576.jpg 768w\" sizes=\"auto, (max-width: 800px) 100vw, 800px\" \/><\/a><\/figure>\n<\/div>\n<\/div>\n\n\n\n<p>Ein sehr engagierter Fremdenf\u00fchrer begleitete uns und informierte \u00fcber Besonderheiten des Ortes. Bei dem Spaziergang durch den traditionellen Weinort lernten wir Tramin ein wenig n\u00e4her kennen. Auch Karneval ist f\u00fcr die Traminer kein Fremdwort. Der Brunnen auf dem Rathausplatz weist auf die Faschingskultur hin. Schnappviecher nennt man die Masken, die w\u00e4hrend der Karnevalszeit getragen werden.<\/p>\n\n\n\n<p>In dieser sehr katholischen Gegend wurden wir zudem von einem lauten Glockengel\u00e4ut begleitet, welches f\u00fcr das um 10 Uhr beginnende Hochamt einlud. Dieser Einladung konnten wir allerdings nicht folgen, da schon um 11 Uhr der Besuch der traditionellen Weinkellerei Elzenbaum und anschlie\u00dfend die Besichtigung und Weinprobe in der bekannten und preisgekr\u00f6nten Kellerei der Traminer Winzergenossenschaft anstand.<\/p>\n\n\n\n<div class=\"wp-block-columns is-layout-flex wp-container-core-columns-is-layout-9d6595d7 wp-block-columns-is-layout-flex\">\n<div class=\"wp-block-column is-layout-flow wp-block-column-is-layout-flow\">\n<p>Die Winzergenossenschaft wurde 1898 gegr\u00fcndet und ist eine der \u00e4ltesten in S\u00fcdtirol. Das Geb\u00e4ude wurde in modernem Stil neu errichtet. Der Betrieb wird streng nach betriebswirtschaftlichen Grunds\u00e4tzen gef\u00fchrt.<\/p>\n<\/div>\n\n\n\n<div class=\"wp-block-column is-layout-flow wp-block-column-is-layout-flow\">\n<figure class=\"wp-block-image size-full\"><a href=\"https:\/\/www.weinfreunde-vom-hellweg.de\/alex\/wordpress\/wp-content\/uploads\/2024\/11\/Suedtirol-03.jpg\"><img loading=\"lazy\" decoding=\"async\" width=\"800\" height=\"600\" src=\"https:\/\/www.weinfreunde-vom-hellweg.de\/alex\/wordpress\/wp-content\/uploads\/2024\/11\/Suedtirol-03.jpg\" alt=\"\" class=\"wp-image-3291\" srcset=\"https:\/\/www.weinfreunde-vom-hellweg.de\/alex\/wordpress\/wp-content\/uploads\/2024\/11\/Suedtirol-03.jpg 800w, https:\/\/www.weinfreunde-vom-hellweg.de\/alex\/wordpress\/wp-content\/uploads\/2024\/11\/Suedtirol-03-300x225.jpg 300w, https:\/\/www.weinfreunde-vom-hellweg.de\/alex\/wordpress\/wp-content\/uploads\/2024\/11\/Suedtirol-03-768x576.jpg 768w\" sizes=\"auto, (max-width: 800px) 100vw, 800px\" \/><\/a><\/figure>\n<\/div>\n<\/div>\n\n\n\n<p>Vermittelt wurden uns diese Eindr\u00fccke von einem jungen Mitarbeiter, der sich trotz des arbeitsfreien Sonntags sehr viel Zeit nahm und uns Hintergr\u00fcnde und Einzelheiten \u00fcber den Betrieb und die Weinproduktion verriet. Anschlie\u00dfend fand gegen 13 Uhr eine Verkostung mit hervorragenden Weinen statt, die erst gegen 15 Uhr endete.<\/p>\n\n\n\n<p>Doch mit der R\u00fcckkehr zum Hotel sollte der erste Tag noch nicht beendet sein. Bereits um 18:30 Uhr startete der Bus zum traditionellen T\u00f6rggeleabend im Buschenschank Gamper; einem historisches Geb\u00e4ude in Tramin, sehr urig und einladend ausgestattet. Pl\u00e4tze waren f\u00fcr unsere Gruppe selbstverst\u00e4ndlich reserviert. Der freundliche Musiker in Tiroler Trachtenkleidung lie\u00df sich bei den von ihm dargebotenen Oldies den Wein sehr ausgiebig schmecken.<\/p>\n\n\n\n<div class=\"wp-block-columns is-layout-flex wp-container-core-columns-is-layout-9d6595d7 wp-block-columns-is-layout-flex\">\n<div class=\"wp-block-column is-layout-flow wp-block-column-is-layout-flow\" style=\"flex-basis:400px\">\n<p>Nach dem Genuss der herzhaften Hausmannskost (Wurst, Zunge, Kassler und Sauerkraut), bei dem auch raffinierte K\u00f6stlichkeiten (Graupensuppe als Vorspeise und ger\u00f6stete Kastanien zur Nachspeise) nicht fehlten, ging es gegen 23 Uhr zur\u00fcck zum Hotel. Nicht unerw\u00e4hnt bleiben darf das Angebot an gut schmeckenden Weinen, die von uns reichlich genossen wurden. So erlebten wir einen Abend in unvergleichbarer Atmosph\u00e4re in einem urgem\u00fctlichen Weinkeller.<\/p>\n<\/div>\n\n\n\n<div class=\"wp-block-column is-layout-flow wp-block-column-is-layout-flow\">\n<figure class=\"wp-block-image size-full is-resized\"><a href=\"https:\/\/www.weinfreunde-vom-hellweg.de\/alex\/wordpress\/wp-content\/uploads\/2024\/11\/Suedtirol-04.jpg\"><img loading=\"lazy\" decoding=\"async\" width=\"450\" height=\"600\" src=\"https:\/\/www.weinfreunde-vom-hellweg.de\/alex\/wordpress\/wp-content\/uploads\/2024\/11\/Suedtirol-04.jpg\" alt=\"\" class=\"wp-image-3297\" style=\"width:219px;height:auto\" srcset=\"https:\/\/www.weinfreunde-vom-hellweg.de\/alex\/wordpress\/wp-content\/uploads\/2024\/11\/Suedtirol-04.jpg 450w, https:\/\/www.weinfreunde-vom-hellweg.de\/alex\/wordpress\/wp-content\/uploads\/2024\/11\/Suedtirol-04-225x300.jpg 225w\" sizes=\"auto, (max-width: 450px) 100vw, 450px\" \/><\/a><\/figure>\n<\/div>\n<\/div>\n\n\n\n<p><strong>Montag, 4. Oktober &#8211; Eppan und Hocheppan<\/strong><\/p>\n\n\n\n<p>Heute standen Eppan und die Burg Hocheppan auf dem Programm. Der Himmel war bedeckt; es drohte zu regnen. Wir fuhren mit dem Bus nach St. Pauls, einem Stadtteil von Eppan. Die etwa einst\u00fcndige F\u00fchrung durch Herrn Schmidt begann auf einem Friedhof. Herr Schmidt, ein r\u00fcstiger Rentner, brachte uns geschichtliche Hintergr\u00fcnde rund um Eppan und S\u00fcdtirol zur Kenntnis. Eppan hat rund 15.000 Einwohner. Besonders sehenswert ist die Kirche von St. Pauls; man nennt sie auch den \u201eDom auf dem Lande\u201c. Diese sp\u00e4tgotische Kirche mit ihren acht Glocken und einer eindrucksvollen Fassade ist 86 Meter hoch.<\/p>\n\n\n\n<div class=\"wp-block-columns is-layout-flex wp-container-core-columns-is-layout-9d6595d7 wp-block-columns-is-layout-flex\">\n<div class=\"wp-block-column is-layout-flow wp-block-column-is-layout-flow\" style=\"flex-basis:400px\">\n<p>Gegen 10:30 Uhr war eine Wanderung zur Burg Hocheppan angesagt. F\u00fcr Unge\u00fcbte war der Aufstieg sicher sehr anspruchsvoll, doch die wunderbaren Aussichten auf die Berge und ins Tal, auf die Weinberge und die Obstplantagen verdr\u00e4ngten die Anstrengungen des Aufstiegs. Oben angekommen war eine St\u00e4rkung in der Burgschenke notwendig. Danach konnten wir die einmaligen Ausblicke auf die \u00d6tztaler Alpen und die Dolomiten ausgiebig genie\u00dfen. Die Burg Hocheppan mit ihrer Burgkapelle z\u00e4hlt durch ihre besondere Lage zweifellos zu den eindrucksvollsten romanischen Kulturdenkm\u00e4lern in S\u00fcdtirol.<\/p>\n<\/div>\n\n\n\n<div class=\"wp-block-column is-layout-flow wp-block-column-is-layout-flow\">\n<figure class=\"wp-block-image size-full is-resized\"><a href=\"https:\/\/www.weinfreunde-vom-hellweg.de\/alex\/wordpress\/wp-content\/uploads\/2024\/11\/Suedtirol-05.jpg\"><img loading=\"lazy\" decoding=\"async\" width=\"450\" height=\"600\" src=\"https:\/\/www.weinfreunde-vom-hellweg.de\/alex\/wordpress\/wp-content\/uploads\/2024\/11\/Suedtirol-05.jpg\" alt=\"\" class=\"wp-image-3301\" style=\"width:219px;height:auto\" srcset=\"https:\/\/www.weinfreunde-vom-hellweg.de\/alex\/wordpress\/wp-content\/uploads\/2024\/11\/Suedtirol-05.jpg 450w, https:\/\/www.weinfreunde-vom-hellweg.de\/alex\/wordpress\/wp-content\/uploads\/2024\/11\/Suedtirol-05-225x300.jpg 225w\" sizes=\"auto, (max-width: 450px) 100vw, 450px\" \/><\/a><\/figure>\n<\/div>\n<\/div>\n\n\n\n<p>Um 13 Uhr begann die F\u00fchrung durch die Burgkapelle, die etwa 30 Minuten in Anspruch nahm. In der Kapelle waren wertvolle und mit unterschiedlichsten Darstellungen und Motiven ausgestattete Fresken zu besichtigen. Um 14 Uhr begann der Abstieg, und gegen 15 Uhr stand der Bus bereit, um uns wieder aufzunehmen, wobei unser Fahrer mal wieder wegen der engen Gassen seine Fahrk\u00fcnste unter Beweis stellen konnte.<\/p>\n\n\n\n<div class=\"wp-block-columns is-layout-flex wp-container-core-columns-is-layout-9d6595d7 wp-block-columns-is-layout-flex\">\n<div class=\"wp-block-column is-layout-flow wp-block-column-is-layout-flow\">\n<p>So kamen wir ca. eine Stunde zu fr\u00fch beim seit dem 14. Jahrhundert bestehenden Weingut Brigl in St. Michael an, und wir machten von dem Angebot Gebrauch, die Weine vorzukosten. Nach Besichtigung des Weinkellers begann die Weinverkostung mit einem erfahrenen Kellermeister. Dieser war vorerst sehr zur\u00fcckhaltend. Nach und nach entpuppte er sich doch als ausgesprochener Unterhalter. Er gab zwischen den sieben Weinproben mindestens einen Witz zum Besten.<\/p>\n<\/div>\n\n\n\n<div class=\"wp-block-column is-layout-flow wp-block-column-is-layout-flow\">\n<figure class=\"wp-block-image size-full is-style-default\"><a href=\"https:\/\/www.weinfreunde-vom-hellweg.de\/alex\/wordpress\/wp-content\/uploads\/2024\/11\/Suedtirol-06.jpg\"><img loading=\"lazy\" decoding=\"async\" width=\"800\" height=\"600\" src=\"https:\/\/www.weinfreunde-vom-hellweg.de\/alex\/wordpress\/wp-content\/uploads\/2024\/11\/Suedtirol-06.jpg\" alt=\"\" class=\"wp-image-3303\" srcset=\"https:\/\/www.weinfreunde-vom-hellweg.de\/alex\/wordpress\/wp-content\/uploads\/2024\/11\/Suedtirol-06.jpg 800w, https:\/\/www.weinfreunde-vom-hellweg.de\/alex\/wordpress\/wp-content\/uploads\/2024\/11\/Suedtirol-06-300x225.jpg 300w, https:\/\/www.weinfreunde-vom-hellweg.de\/alex\/wordpress\/wp-content\/uploads\/2024\/11\/Suedtirol-06-768x576.jpg 768w\" sizes=\"auto, (max-width: 800px) 100vw, 800px\" \/><\/a><\/figure>\n<\/div>\n<\/div>\n\n\n\n<p>So dauerte diese etwas ungew\u00f6hnliche Weinverkostung eben wegen der humorvollen Einlagen \u00fcber Geb\u00fchr lange, so dass wir erst gegen 18:30 Uhr stimmungsvoll ins Hotel zur\u00fcckkehrten. Es bleibt festzustellen, dass uns allen diese etwas andere Art der Weinprobe sehr gut gefallen hat. Mit dem Abendessen im Hotel ging ein erlebnisreicher Tag zu Ende.<\/p>\n\n\n\n<p><strong>Dienstag, 5. Oktober \u2013 Bozen<\/strong><\/p>\n\n\n\n<div class=\"wp-block-columns is-layout-flex wp-container-core-columns-is-layout-9d6595d7 wp-block-columns-is-layout-flex\">\n<div class=\"wp-block-column is-layout-flow wp-block-column-is-layout-flow\">\n<p>Bevor wir nach Bozen, der Landeshauptstadt S\u00fcdtirols, aufbrachen, besuchten wir auf der Hinfahrt den etwa 8 ha gro\u00dfen Griesbauerhof in Rentsch. Der starke Regen in der Nacht hatte etwas nachgelassen. Trotzdem waren Regenschirme sogar im Bus angebracht. Nach einer Kurzwanderung durch den kleinen Weinberg des seit 1785 bestehenden Griesbauerhofes schien nach Aufl\u00f6sung der Regenwolken ein sehr sch\u00f6ner Herbsttag in Bozen zu geben.<\/p>\n<\/div>\n\n\n\n<div class=\"wp-block-column is-layout-flow wp-block-column-is-layout-flow\">\n<figure class=\"wp-block-image size-full is-style-default\"><a href=\"https:\/\/www.weinfreunde-vom-hellweg.de\/alex\/wordpress\/wp-content\/uploads\/2024\/11\/Suedtirol-07.jpg\"><img loading=\"lazy\" decoding=\"async\" width=\"800\" height=\"600\" src=\"https:\/\/www.weinfreunde-vom-hellweg.de\/alex\/wordpress\/wp-content\/uploads\/2024\/11\/Suedtirol-07.jpg\" alt=\"\" class=\"wp-image-3306\" srcset=\"https:\/\/www.weinfreunde-vom-hellweg.de\/alex\/wordpress\/wp-content\/uploads\/2024\/11\/Suedtirol-07.jpg 800w, https:\/\/www.weinfreunde-vom-hellweg.de\/alex\/wordpress\/wp-content\/uploads\/2024\/11\/Suedtirol-07-300x225.jpg 300w, https:\/\/www.weinfreunde-vom-hellweg.de\/alex\/wordpress\/wp-content\/uploads\/2024\/11\/Suedtirol-07-768x576.jpg 768w\" sizes=\"auto, (max-width: 800px) 100vw, 800px\" \/><\/a><\/figure>\n<\/div>\n<\/div>\n\n\n\n<p>Aber vorher stand nach der kurzen Begehung des Weinberges eine Weinprobe im Betrieb des Griesbauerhofes an. Wenn auch eine Weinprobe bereits fr\u00fch morgens um 10:30 Uhr etwas ungew\u00f6hnlich erscheint, war diese Weinverkostung im kleinen Familienbetrieb doch sehr originell.<\/p>\n\n\n\n<p>Gegen 11:30 Uhr fuhren wir dann weiter nach Bozen, wo f\u00fcr uns im Gasthof \u201eWei\u00dfes R\u00f6ssl\u201c Tische und Pl\u00e4tze f\u00fcr das Mittagessen bestellt waren. Doch dort war man leider auf unsere Gruppe nicht so gut vorbereitet. Pl\u00e4tze hatte man f\u00fcr uns nicht reserviert, und jeder war daher f\u00fcr sein leibliches Wohl selbst verantwortlich. Das tat aber der guten Stimmung, die nach der fr\u00fchen Weinprobe aufgekommen war, keinen Abbruch.<\/p>\n\n\n\n<div class=\"wp-block-columns is-layout-flex wp-container-core-columns-is-layout-9d6595d7 wp-block-columns-is-layout-flex\">\n<div class=\"wp-block-column is-layout-flow wp-block-column-is-layout-flow\" style=\"flex-basis:400px\">\n<p>Um 14 Uhr begann die F\u00fchrung durch die Stadt Bozen. Die Landeshauptstadt S\u00fcdtirols am Zusammenfluss von Etsch und Eisack besteht aus einem deutschen und einem italienischem Teil. Sie ist kultureller Mittelpunkt und beliebter Handelsort der Tiroler Kaufleute. Sehenswert ist die Altstadt mit ihren historischen und mittelalterlichen Geb\u00e4uden. Der Dom, das Dominikanerkloster und das Denkmal \u201eWalther von der Vogelweide\u201c, um nur einige Sehensw\u00fcrdigkeiten zu nennen, sind Wahrzeichen der Landeshauptstadt.<\/p>\n<\/div>\n\n\n\n<div class=\"wp-block-column is-layout-flow wp-block-column-is-layout-flow\" style=\"flex-basis:250px\">\n<figure class=\"wp-block-image size-full is-resized\"><a href=\"https:\/\/www.weinfreunde-vom-hellweg.de\/alex\/wordpress\/wp-content\/uploads\/2024\/11\/Suedtirol-08.jpg\"><img loading=\"lazy\" decoding=\"async\" width=\"450\" height=\"600\" src=\"https:\/\/www.weinfreunde-vom-hellweg.de\/alex\/wordpress\/wp-content\/uploads\/2024\/11\/Suedtirol-08.jpg\" alt=\"\" class=\"wp-image-3308\" style=\"width:219px;height:auto\" srcset=\"https:\/\/www.weinfreunde-vom-hellweg.de\/alex\/wordpress\/wp-content\/uploads\/2024\/11\/Suedtirol-08.jpg 450w, https:\/\/www.weinfreunde-vom-hellweg.de\/alex\/wordpress\/wp-content\/uploads\/2024\/11\/Suedtirol-08-225x300.jpg 225w\" sizes=\"auto, (max-width: 450px) 100vw, 450px\" \/><\/a><\/figure>\n<\/div>\n<\/div>\n\n\n\n<p>Um 17 Uhr erfolgte die R\u00fcckkehr zum Hotel. Nach dem Abendessen wurden die ausgesuchten Weine per Umlaufliste bestellt, die allerdings sofort bezahlt werden mussten.<\/p>\n\n\n\n<p>Der Spruch des Abends wurde von einer Teilnehmerin zum Besten gegeben, der lautete:<br><em>\u201eIch m\u00f6chte eigentlich keinen Alkohol mehr, ich m\u00f6chte nur noch einen Schnaps.<\/em>\u201c<\/p>\n\n\n\n<p><strong>Mittwoch, 6. Oktober &#8211; Oberbozen<\/strong><\/p>\n\n\n\n<p>Heute hatte unser Busfahrer seinen gesetzlich vorgeschriebenen \u201efreien Tag\u201c, so dass die Fahrt mit \u00f6ffentlichen Verkehrsmitteln erfolgen musste.<\/p>\n\n\n\n<p>Der Bus hatte Versp\u00e4tung; zudem war er restlos \u00fcberf\u00fcllt. In Bozen war erst einmal ein Fu\u00dfmarsch zur Rittener Bergbahn (L\u00e4nge 4.541 Meter) nach Oberbozen angesagt. Bei herrlichem Wetter bestiegen wir die Seilbahn zur Auffahrt zum \u201eRitten\u201c, dem Ferienberg im Herzen S\u00fcdtirols.<\/p>\n\n\n\n<div class=\"wp-block-columns is-layout-flex wp-container-core-columns-is-layout-9d6595d7 wp-block-columns-is-layout-flex\">\n<div class=\"wp-block-column is-layout-flow wp-block-column-is-layout-flow\" style=\"flex-basis:400px\">\n<p>Nun erwartete uns ein weiteres Highlight: Die Weiterfahrt erfolgte mit der Rittener Schmalspurbahn nach Kolbenstein, wieder mit herrlichen Ausblicken auf den Roggenboden, die Marmolada, den Rosengarten etc.<\/p>\n<\/div>\n\n\n\n<div class=\"wp-block-column is-layout-flow wp-block-column-is-layout-flow\">\n<figure class=\"wp-block-image size-full\"><a href=\"https:\/\/www.weinfreunde-vom-hellweg.de\/alex\/wordpress\/wp-content\/uploads\/2024\/11\/Suedtirol-09.jpg\"><img loading=\"lazy\" decoding=\"async\" width=\"800\" height=\"600\" src=\"https:\/\/www.weinfreunde-vom-hellweg.de\/alex\/wordpress\/wp-content\/uploads\/2024\/11\/Suedtirol-09.jpg\" alt=\"\" class=\"wp-image-3311\" srcset=\"https:\/\/www.weinfreunde-vom-hellweg.de\/alex\/wordpress\/wp-content\/uploads\/2024\/11\/Suedtirol-09.jpg 800w, https:\/\/www.weinfreunde-vom-hellweg.de\/alex\/wordpress\/wp-content\/uploads\/2024\/11\/Suedtirol-09-300x225.jpg 300w, https:\/\/www.weinfreunde-vom-hellweg.de\/alex\/wordpress\/wp-content\/uploads\/2024\/11\/Suedtirol-09-768x576.jpg 768w\" sizes=\"auto, (max-width: 800px) 100vw, 800px\" \/><\/a><\/figure>\n<\/div>\n<\/div>\n\n\n\n<div class=\"wp-block-columns is-layout-flex wp-container-core-columns-is-layout-9d6595d7 wp-block-columns-is-layout-flex\">\n<div class=\"wp-block-column is-layout-flow wp-block-column-is-layout-flow\" style=\"flex-basis:400px\">\n<p>Von Kolbenstein aus begann die geplante Wanderung auf dem Themenweg, vorbei an den bekannten Erdpyramiden zur Kirche Maria Saal. Man sagt, dass die Rittener Erdpyramiden die h\u00f6chsten und formsch\u00f6nsten in Europa sind.<\/p>\n<\/div>\n\n\n\n<div class=\"wp-block-column is-layout-flow wp-block-column-is-layout-flow\" style=\"flex-basis:400px\">\n<figure class=\"wp-block-image size-full\"><a href=\"https:\/\/www.weinfreunde-vom-hellweg.de\/alex\/wordpress\/wp-content\/uploads\/2024\/11\/Suedtirol-10.jpg\"><img loading=\"lazy\" decoding=\"async\" width=\"800\" height=\"600\" src=\"https:\/\/www.weinfreunde-vom-hellweg.de\/alex\/wordpress\/wp-content\/uploads\/2024\/11\/Suedtirol-10.jpg\" alt=\"\" class=\"wp-image-3313\" srcset=\"https:\/\/www.weinfreunde-vom-hellweg.de\/alex\/wordpress\/wp-content\/uploads\/2024\/11\/Suedtirol-10.jpg 800w, https:\/\/www.weinfreunde-vom-hellweg.de\/alex\/wordpress\/wp-content\/uploads\/2024\/11\/Suedtirol-10-300x225.jpg 300w, https:\/\/www.weinfreunde-vom-hellweg.de\/alex\/wordpress\/wp-content\/uploads\/2024\/11\/Suedtirol-10-768x576.jpg 768w\" sizes=\"auto, (max-width: 800px) 100vw, 800px\" \/><\/a><\/figure>\n<\/div>\n<\/div>\n\n\n\n<p>Allerdings trat die Wandergruppe zur Kapelle nur mit einigen Teilnehmern an. Im Gasthof an der Kapelle kehrten wir ein. Der Ausblick von der Terrasse bot uns wiederum eine Reihe von Natursch\u00f6nheiten auf diesem wunderbaren Hochplateau. Bis 14 Uhr zur R\u00fcckfahrt mit der Rittener Schmalspurbahn wurde die Zeit knapp, so dass sich der Kontakt \u00fcber Mobilfunk als sehr vorteilhaft erwies.<\/p>\n\n\n\n<p>Die acht Teilnehmer, die den langen Weg zur Kapelle gewagt hatten, traten nun den R\u00fcckweg an. Doch sehr bald stellte sich heraus, dass wegen der fortgeschrittenen Zeit die Rittenbahn nicht mehr p\u00fcnktlich zu erreichen war. Kurzerhand wurde ein Bus bestiegen, der uns fr\u00fchzeitig nach Kolbenstein brachte. Aber auch die Gruppe, die an der Wanderung zur Kapelle nicht teilnahm, konnte so gerade noch p\u00fcnktlich um 14:10 Uhr den Bahnhof erreichen, um von Kolbenstein zur Bergstation der Seilbahn zu gelangen. Anschlie\u00dfend ging es mit der Bergbahn hinunter nach Bozen. Gegen 17 Uhr wurde, nachdem wir wieder unser Hotel erreicht hatten, noch der bestellte Wein beim Ridlhof abgeholt und in den Bus verladen.<\/p>\n\n\n\n<div class=\"wp-block-columns is-layout-flex wp-container-core-columns-is-layout-9d6595d7 wp-block-columns-is-layout-flex\">\n<div class=\"wp-block-column is-layout-flow wp-block-column-is-layout-flow\" style=\"flex-basis:400px\">\n<p>Das Abendessen war nicht im Hotel vorgesehen, sondern im Restaurant \u201eCastel Ringberg\u201c. Empfangen wurden wir von freundlichem Personal mit Sekt, um uns auf das 5-g\u00e4ngige Men\u00fc einzustimmen. Gest\u00e4rkt vom hervorragenden Essen mit auserlesenen Weinen kehrten wir gegen 23 Uhr zum Hotel zur\u00fcck. Bei einem Absacker lie\u00dfen wir den erlebnisreichen Tag noch einmal Revue passieren, und wir suchten dann fr\u00fcher oder sp\u00e4ter unsere Zimmer auf.<\/p>\n<\/div>\n\n\n\n<div class=\"wp-block-column is-layout-flow wp-block-column-is-layout-flow\">\n<figure class=\"wp-block-image size-full\"><a href=\"https:\/\/www.weinfreunde-vom-hellweg.de\/alex\/wordpress\/wp-content\/uploads\/2024\/11\/Suedtirol-11.jpg\"><img loading=\"lazy\" decoding=\"async\" width=\"800\" height=\"600\" src=\"https:\/\/www.weinfreunde-vom-hellweg.de\/alex\/wordpress\/wp-content\/uploads\/2024\/11\/Suedtirol-11.jpg\" alt=\"\" class=\"wp-image-3317\" srcset=\"https:\/\/www.weinfreunde-vom-hellweg.de\/alex\/wordpress\/wp-content\/uploads\/2024\/11\/Suedtirol-11.jpg 800w, https:\/\/www.weinfreunde-vom-hellweg.de\/alex\/wordpress\/wp-content\/uploads\/2024\/11\/Suedtirol-11-300x225.jpg 300w, https:\/\/www.weinfreunde-vom-hellweg.de\/alex\/wordpress\/wp-content\/uploads\/2024\/11\/Suedtirol-11-768x576.jpg 768w\" sizes=\"auto, (max-width: 800px) 100vw, 800px\" \/><\/a><\/figure>\n<\/div>\n<\/div>\n\n\n\n<p><strong>Donnerstag, 7. Oktober &#8211; gro\u00dfe Dolomitenrundfahrt<\/strong><\/p>\n\n\n\n<p>Heute wurde der Name Fr\u00fchst\u00fcck w\u00f6rtlich genommen, da unser Bus bereits um 8:30 Uhr startete. P\u00fcnktlich war auch unser F\u00fchrer Sepp zur Stelle. Auf dem Programm stand heute die gro\u00dfe Dolomitenrundfahrt. Vorbei am Kalterer See ging es sehr schnell bergan. Erstes Ziel war Maria Wei\u00dfenstein \u2013 gelegen auf 1.550 m H\u00f6he -, das wir schon um 9:30 Uhr erreichten. Sehenswert waren das Kloster und die Wallfahrtskirche. Selbst Papst Johannes Paul II. hat diesen Ort schon besucht. Die anschlie\u00dfende etwas beschwerliche Wanderung f\u00fchrte \u00fcber steinige Pfade bis zur 12. Station des Kreuzweges. F\u00fcr den gesamten Pilgerweg mit seinen 14 Stationen ist eine Gehzeit von etwa vier Stunden erforderlich.<\/p>\n\n\n\n<div class=\"wp-block-columns is-layout-flex wp-container-core-columns-is-layout-9d6595d7 wp-block-columns-is-layout-flex\">\n<div class=\"wp-block-column is-layout-flow wp-block-column-is-layout-flow\" style=\"flex-basis:400px\">\n<p>Auf der gro\u00dfen Dolomitenstra\u00dfe \u00fcberquerten wir die wilde Schlucht des Karneidbachs unterhalb von Welschnofen. \u00dcber Deutschnofen ging es weiter zum Karersee, der von uns in einer halben Stunde umwandert wurde, also ein kleiner See, der von Nichts\u00fcdtirolern auch schon mal als T\u00fcmpel bezeichnet wird.<\/p>\n<\/div>\n\n\n\n<div class=\"wp-block-column is-layout-flow wp-block-column-is-layout-flow\">\n<figure class=\"wp-block-image size-full\"><a href=\"https:\/\/www.weinfreunde-vom-hellweg.de\/alex\/wordpress\/wp-content\/uploads\/2024\/11\/Suedtirol-12.jpg\"><img loading=\"lazy\" decoding=\"async\" width=\"800\" height=\"600\" src=\"https:\/\/www.weinfreunde-vom-hellweg.de\/alex\/wordpress\/wp-content\/uploads\/2024\/11\/Suedtirol-12.jpg\" alt=\"\" class=\"wp-image-3319\" srcset=\"https:\/\/www.weinfreunde-vom-hellweg.de\/alex\/wordpress\/wp-content\/uploads\/2024\/11\/Suedtirol-12.jpg 800w, https:\/\/www.weinfreunde-vom-hellweg.de\/alex\/wordpress\/wp-content\/uploads\/2024\/11\/Suedtirol-12-300x225.jpg 300w, https:\/\/www.weinfreunde-vom-hellweg.de\/alex\/wordpress\/wp-content\/uploads\/2024\/11\/Suedtirol-12-768x576.jpg 768w\" sizes=\"auto, (max-width: 800px) 100vw, 800px\" \/><\/a><\/figure>\n<\/div>\n<\/div>\n\n\n\n<p>Der See hat aber seinen besonderen Reiz aufgrund seiner ausgezeichneten Lage vor dem Hintergrund der wilden Felst\u00fcrme des Latemar und aufgrund seiner smaragdgr\u00fcnen Wasserfarbe. Bezaubernde Fotoperspektiven ergaben sich daher vor dem Hintergrund der Tiroler Bergwelt.<\/p>\n\n\n\n<div class=\"wp-block-columns is-layout-flex wp-container-core-columns-is-layout-9d6595d7 wp-block-columns-is-layout-flex\">\n<div class=\"wp-block-column is-layout-flow wp-block-column-is-layout-flow\" style=\"flex-basis:400px\">\n<p>Gegen Mittag verlie\u00dfen wir S\u00fcdtirol und erreichten hinter dem Karerpass das Fassatal (Trentino). Die Sprache ist hier ladinisch. Wir erreichten Canazei am Fu\u00dfe des Sellamassivs. Unser heutiger Mittagsimbiss erfolgte in ungef\u00e4hr 2.000 m H\u00f6he auf einer Hotelterrasse bei herrlichem Sonnenschein. Gest\u00e4rkt ging es weiter durch die Sellagruppe und schon bald zur\u00fcck nach S\u00fcdtirol.<\/p>\n<\/div>\n\n\n\n<div class=\"wp-block-column is-layout-flow wp-block-column-is-layout-flow\">\n<figure class=\"wp-block-image size-full\"><a href=\"https:\/\/www.weinfreunde-vom-hellweg.de\/alex\/wordpress\/wp-content\/uploads\/2024\/11\/Suedtirol-13.jpg\"><img loading=\"lazy\" decoding=\"async\" width=\"800\" height=\"600\" src=\"https:\/\/www.weinfreunde-vom-hellweg.de\/alex\/wordpress\/wp-content\/uploads\/2024\/11\/Suedtirol-13.jpg\" alt=\"\" class=\"wp-image-3321\" srcset=\"https:\/\/www.weinfreunde-vom-hellweg.de\/alex\/wordpress\/wp-content\/uploads\/2024\/11\/Suedtirol-13.jpg 800w, https:\/\/www.weinfreunde-vom-hellweg.de\/alex\/wordpress\/wp-content\/uploads\/2024\/11\/Suedtirol-13-300x225.jpg 300w, https:\/\/www.weinfreunde-vom-hellweg.de\/alex\/wordpress\/wp-content\/uploads\/2024\/11\/Suedtirol-13-768x576.jpg 768w\" sizes=\"auto, (max-width: 800px) 100vw, 800px\" \/><\/a><\/figure>\n<\/div>\n<\/div>\n\n\n\n<p>Nach Erreichen des Sellapasses in 2.249 Meter H\u00f6he und nach einer kurzen Fotopause erreichten wir das Gr\u00f6dnertal mit Blick auf den Langkofel. Fehlen durfte bei dieser Tour nat\u00fcrlich nicht der Wintersportort Wolkenstein. Dort wanderten wir auf der alten Bahntrasse des Gr\u00f6dner Schnackele rund eine halbe Stunde bis ins Zentrum des Ortes. Wir besichtigten die neue, architektonisch bemerkenswerte Kirche in Wolkenstein und lie\u00dfen uns den ladinischen Dialekt vorf\u00fchren.<\/p>\n\n\n\n<p>Die Weiterfahrt nach St. Ulrich und Kastelruth f\u00fchrte uns wieder bergan nach Lajen, einem kleinen Ort auf einem wundersch\u00f6nen Berghang mit einem grandiosen Ausblick auf den Langkofel gelegen. Nach der letzten Kurzwanderung auf dem Postweg nach Tsch\u00f6fas hatten wir eine Kaffeepause redlich verdient. Bergab ging es danach, &#8211; es war schon sp\u00e4t am Nachmittag &#8211; zur\u00fcck ins Eisacktal. Kurz vor Klausen verlie\u00df uns der kundige Fremdenf\u00fchrer Sepp.<\/p>\n\n\n\n<p>Unser Hotel erreichten wir gegen 18:15 Uhr. Nach dem Abendessen im Hotel waren wir alle sehr m\u00fcde vom anstrengenden aber erlebnisreichen Tag, so dass sich die Reihen schnell lichteten.<\/p>\n\n\n\n<p><strong>Freitag, 8. Oktober &#8211; Meran und Umgebung<\/strong><\/p>\n\n\n\n<p>Auf dem Programm stand die Kurstadt Meran und Umgebung. Der bekannte Ort Meran war schnell erreicht. Allerdings musste vor Beginn der Wanderung auf dem Tappeiner Weg unser Busfahrer mal wieder wahre Fahrk\u00fcnste beweisen. Keiner konnte ahnen, dass bei Wanderungsbeginn das Wenden des Busses fast unm\u00f6glich erschien. Bei etwas Nebel aber ohne Regen konnten wir vom Tappeiner Weg aus auf den Kurort blicken. Der Abstieg in die Stadt war problemlos zu bew\u00e4ltigen. Auf eigene Faust erkundeten wir die Stadt Meran, die schon viele von uns kannten. Bei der sich anschlie\u00dfenden Stadtf\u00fchrung konnten wir in zwei Stunden leider nicht alle Sehensw\u00fcrdigkeiten besichtigen. Zu erw\u00e4hnen sind besonders:<\/p>\n\n\n\n<div class=\"wp-block-columns is-layout-flex wp-container-core-columns-is-layout-9d6595d7 wp-block-columns-is-layout-flex\">\n<div class=\"wp-block-column is-layout-flow wp-block-column-is-layout-flow\" style=\"flex-basis:400px\">\n<p>&#8211; die G\u00e4rten von Schloss Trauttmansdorff<br>&#8211; Schloss Rametz<br>&#8211; Schloss Winkel<br>&#8211; der Brunnenplatz<br>&#8211; Kaiserin-Elisabeth-Park<br>&#8211; Kurhaus und Kurpromenade<br>&#8211; Wandelhalle<br>&#8211; Ansitz Reichenbach<br>&#8211; Wallfahrtskirche Maria Trost<br>&#8211; &#8230;und noch viele mehr<\/p>\n<\/div>\n\n\n\n<div class=\"wp-block-column is-layout-flow wp-block-column-is-layout-flow\" style=\"flex-basis:400px\">\n<figure class=\"wp-block-image size-full\"><a href=\"https:\/\/www.weinfreunde-vom-hellweg.de\/alex\/wordpress\/wp-content\/uploads\/2024\/11\/Suedtirol-14.jpg\"><img loading=\"lazy\" decoding=\"async\" width=\"800\" height=\"600\" src=\"https:\/\/www.weinfreunde-vom-hellweg.de\/alex\/wordpress\/wp-content\/uploads\/2024\/11\/Suedtirol-14.jpg\" alt=\"\" class=\"wp-image-3326\" srcset=\"https:\/\/www.weinfreunde-vom-hellweg.de\/alex\/wordpress\/wp-content\/uploads\/2024\/11\/Suedtirol-14.jpg 800w, https:\/\/www.weinfreunde-vom-hellweg.de\/alex\/wordpress\/wp-content\/uploads\/2024\/11\/Suedtirol-14-300x225.jpg 300w, https:\/\/www.weinfreunde-vom-hellweg.de\/alex\/wordpress\/wp-content\/uploads\/2024\/11\/Suedtirol-14-768x576.jpg 768w\" sizes=\"auto, (max-width: 800px) 100vw, 800px\" \/><\/a><\/figure>\n<\/div>\n<\/div>\n\n\n\n<p>Nach der Stadtf\u00fchrung war um 16 Uhr Treffpunkt bei der Therme. Anschlie\u00dfend ging es zur Destilliere Walcher, wo uns ausgezeichnete Br\u00e4nde geboten wurden.<\/p>\n\n\n\n<p>Zu Abend a\u00dfen wir im Gew\u00f6lbekeller des Pillhofes, ein bekanntes Restaurant mit Videothek. Um 22:30 Uhr sehnten wir nach einem langen und anstrengenden Tag die R\u00fcckfahrt zum Hotel herbei.<\/p>\n\n\n\n<p><strong>Samstag, 9. Oktober \u2013 Brixen und Kloster Neustift<\/strong><\/p>\n\n\n\n<p>Schon war der letzte Tag angebrochen, der uns ins Eisacktal nach Brixen und zum Kloster Neustift f\u00fchrte.<\/p>\n\n\n\n<div class=\"wp-block-columns is-layout-flex wp-container-core-columns-is-layout-9d6595d7 wp-block-columns-is-layout-flex\">\n<div class=\"wp-block-column is-layout-flow wp-block-column-is-layout-flow\" style=\"flex-basis:400px\">\n<p>Die uns schon bekannte Begleiterin f\u00fchrte uns durch die alte Bischofsstadt Brixen. Besonders sehenswert sind der Brunnen, der Hofgarten, der Domplatz und der Dom mit seinem Kreuzgang, ein gro\u00dfartiges Bauwerk der Romanik. Beeindruckt hat uns auch die Taufkapelle, die man durch Arkaden betritt. Noch gut erhaltene romanische Fresken wurden erst k\u00fcrzlich in Feinarbeit aufgedeckt und restauriert. Aber auch die Altstadt mit ihren Lauben und gut erhaltenen B\u00fcrgerh\u00e4usern, mit einer Vielzahl von Gesch\u00e4ften, Restaurants und guten Hotels, hat eine Menge zu bieten, so dass die nach der F\u00fchrung zur Verf\u00fcgung stehende freie Zeit von 11:30 Uhr bis 13:15 Uhr schnell verging.<\/p>\n<\/div>\n\n\n\n<div class=\"wp-block-column is-layout-flow wp-block-column-is-layout-flow\">\n<figure class=\"wp-block-image size-full\"><a href=\"https:\/\/www.weinfreunde-vom-hellweg.de\/alex\/wordpress\/wp-content\/uploads\/2024\/11\/Suedtirol-15.jpg\"><img loading=\"lazy\" decoding=\"async\" width=\"450\" height=\"600\" src=\"https:\/\/www.weinfreunde-vom-hellweg.de\/alex\/wordpress\/wp-content\/uploads\/2024\/11\/Suedtirol-15.jpg\" alt=\"\" class=\"wp-image-3329\" srcset=\"https:\/\/www.weinfreunde-vom-hellweg.de\/alex\/wordpress\/wp-content\/uploads\/2024\/11\/Suedtirol-15.jpg 450w, https:\/\/www.weinfreunde-vom-hellweg.de\/alex\/wordpress\/wp-content\/uploads\/2024\/11\/Suedtirol-15-225x300.jpg 225w\" sizes=\"auto, (max-width: 450px) 100vw, 450px\" \/><\/a><\/figure>\n<\/div>\n<\/div>\n\n\n\n<p>Heute stand noch Kloster Neustift und die Klosterkellerei auf dem Ausflugsprogramm. Unter fachkundiger F\u00fchrung erkundeten wir das seit dem Jahr 1142 bestehende und idyllisch in den eigenen Weinbergen gelegene Augustinerkloster mit seiner Klosteranlage. Den gotischen Kreuzgang erreicht man vom Hof aus. Die Kreuzrippengew\u00f6lbe sind zum Teil noch von Fresken bedeckt, die sp\u00e4ter durch eingemauerte Grabsteine zerst\u00f6rt wurden.<\/p>\n\n\n\n<p>Beeindruckt waren wir auch von der Klosterbibliothek mit ca. 65.000 B\u00fcchern, Manuskripten und Karten. Noch heute k\u00f6nnen Studenten die B\u00fccher zu Studienzwecken ausleihen.<\/p>\n\n\n\n<div class=\"wp-block-columns is-layout-flex wp-container-core-columns-is-layout-9d6595d7 wp-block-columns-is-layout-flex\">\n<div class=\"wp-block-column is-layout-flow wp-block-column-is-layout-flow\" style=\"flex-basis:400px\">\n<p>Nun war auch noch eine letzte Weinprobe geplant. Nach dem Gang durch den Weinberg und nach Besichtigung des Weinkellers empfing uns im Lokal eine lustige Gruppe angeheiterter G\u00e4ste, die wohl die Weinverkostung etwas zu ausgiebig genossen hatte.<\/p>\n<\/div>\n\n\n\n<div class=\"wp-block-column is-layout-flow wp-block-column-is-layout-flow\">\n<figure class=\"wp-block-image size-full\"><a href=\"https:\/\/www.weinfreunde-vom-hellweg.de\/alex\/wordpress\/wp-content\/uploads\/2024\/11\/Suedtirol-16.jpg\"><img loading=\"lazy\" decoding=\"async\" width=\"800\" height=\"600\" src=\"https:\/\/www.weinfreunde-vom-hellweg.de\/alex\/wordpress\/wp-content\/uploads\/2024\/11\/Suedtirol-16.jpg\" alt=\"\" class=\"wp-image-3332\" srcset=\"https:\/\/www.weinfreunde-vom-hellweg.de\/alex\/wordpress\/wp-content\/uploads\/2024\/11\/Suedtirol-16.jpg 800w, https:\/\/www.weinfreunde-vom-hellweg.de\/alex\/wordpress\/wp-content\/uploads\/2024\/11\/Suedtirol-16-300x225.jpg 300w, https:\/\/www.weinfreunde-vom-hellweg.de\/alex\/wordpress\/wp-content\/uploads\/2024\/11\/Suedtirol-16-768x576.jpg 768w\" sizes=\"auto, (max-width: 800px) 100vw, 800px\" \/><\/a><\/figure>\n<\/div>\n<\/div>\n\n\n\n<p>Die zun\u00e4chst \u201eschmal\u201c angelegte Weinprobe \u2013 nur vier Weine der Standardlinie waren vorgesehen \u2013 erweiterten wir nach unseren W\u00fcnschen um Weine aus der zwar nicht gerade preiswerten aber hervorragenden Premiumlinie. Zwar sprengten wir damit unseren Zeit- und Finanzrahmen, was uns angesichts der Tatsache, dass es die letzte Weinprobe war, nicht weiter st\u00f6rte. Zufrieden mit dem Erlebten kehrten wir gegen 18:30 zum Hotel zur\u00fcck, wo uns zum Abschluss der Reise der traditionelle Galaabend erwartete. Das Mehrgangmen\u00fc war hervorragend ausgesucht und vom K\u00fcchenpersonal schmackhaft zubereitet. Beim Genuss der S\u00fcdtiroler Weine lie\u00dfen wir die Erlebnisse diese Reise noch einmal Revue passieren.<\/p>\n\n\n\n<p>Bedacht wurden die Organisatoren dieser Reise mit Geschenken fl\u00fcssiger Art.<\/p>\n\n\n\n<p>Allzu lange durfte der Abend allerdings nicht werden, da am Sonntag die lange Heimfahrt anstand.<\/p>\n\n\n\n<p>Den Organisatoren wurde noch einmal gedankt mit der Bitte, im n\u00e4chsten Jahr wieder auf sie bauen zu k\u00f6nnen.<\/p>\n\n\n\n<p>Fr\u00f6ndenberg im Dezember 2010<br>Hans-Josef Stahlschmidt<\/p>\n","protected":false},"excerpt":{"rendered":"<p>Samstag, 02.10.2010 bis Sonntag, 10.10.2010 Im Herbst 2010 f\u00fchrte uns die Reise in ein Gebiet das f\u00fcr Wintersportler wie f\u00fcr Wanderfreunde eine Menge zu bieten hat. Es war S\u00fcdtirol, die Heimat von Reinhold Messner und der Kastelruther Spatzen. Aber auch &hellip; <a href=\"https:\/\/www.weinfreunde-vom-hellweg.de\/alex\/wordpress\/?page_id=3278\">Weiterlesen <span class=\"meta-nav\">&rarr;<\/span><\/a><\/p>\n","protected":false},"author":14,"featured_media":0,"parent":3232,"menu_order":15,"comment_status":"closed","ping_status":"closed","template":"","meta":{"ngg_post_thumbnail":0,"footnotes":""},"class_list":["post-3278","page","type-page","status-publish","hentry"],"_links":{"self":[{"href":"https:\/\/www.weinfreunde-vom-hellweg.de\/alex\/wordpress\/index.php?rest_route=\/wp\/v2\/pages\/3278","targetHints":{"allow":["GET"]}}],"collection":[{"href":"https:\/\/www.weinfreunde-vom-hellweg.de\/alex\/wordpress\/index.php?rest_route=\/wp\/v2\/pages"}],"about":[{"href":"https:\/\/www.weinfreunde-vom-hellweg.de\/alex\/wordpress\/index.php?rest_route=\/wp\/v2\/types\/page"}],"author":[{"embeddable":true,"href":"https:\/\/www.weinfreunde-vom-hellweg.de\/alex\/wordpress\/index.php?rest_route=\/wp\/v2\/users\/14"}],"replies":[{"embeddable":true,"href":"https:\/\/www.weinfreunde-vom-hellweg.de\/alex\/wordpress\/index.php?rest_route=%2Fwp%2Fv2%2Fcomments&post=3278"}],"version-history":[{"count":33,"href":"https:\/\/www.weinfreunde-vom-hellweg.de\/alex\/wordpress\/index.php?rest_route=\/wp\/v2\/pages\/3278\/revisions"}],"predecessor-version":[{"id":3334,"href":"https:\/\/www.weinfreunde-vom-hellweg.de\/alex\/wordpress\/index.php?rest_route=\/wp\/v2\/pages\/3278\/revisions\/3334"}],"up":[{"embeddable":true,"href":"https:\/\/www.weinfreunde-vom-hellweg.de\/alex\/wordpress\/index.php?rest_route=\/wp\/v2\/pages\/3232"}],"wp:attachment":[{"href":"https:\/\/www.weinfreunde-vom-hellweg.de\/alex\/wordpress\/index.php?rest_route=%2Fwp%2Fv2%2Fmedia&parent=3278"}],"curies":[{"name":"wp","href":"https:\/\/api.w.org\/{rel}","templated":true}]}}