{"id":3335,"date":"2024-11-23T18:12:45","date_gmt":"2024-11-23T16:12:45","guid":{"rendered":"https:\/\/www.weinfreunde-vom-hellweg.de\/alex\/wordpress\/?page_id=3335"},"modified":"2024-12-04T16:47:51","modified_gmt":"2024-12-04T15:47:51","slug":"weinreise-bergamo","status":"publish","type":"page","link":"https:\/\/www.weinfreunde-vom-hellweg.de\/alex\/wordpress\/?page_id=3335","title":{"rendered":"Weinreise Bergamo"},"content":{"rendered":"\n<p>Samstag, 12.06.2010 bis Samstag, 19.06.2010<\/p>\n\n\n\n<p><strong>Samstag, 12.06.2010<\/strong><\/p>\n\n\n\n<p>Mit einer Dreiviertelstunde Versp\u00e4tung erreichte die Fliegergruppe Bergamo und wurde von Ute unserer Busfahrerin und Christian unserem Reiseleiter am Flughafen von Bergamo-Orio al Serio empfangen. Rechtzeitig vor Programbeginn trafen wir auf unsere mit dem Auto angereisten Weinfreunde im \u201eHotel Fontana Santa\u201c in Grumello del Monte.<\/p>\n\n\n\n<p>Bei der Sektprobe im Weingut \u201eIl Calepino\u201c im Ort \u201eCastelli Calepio\u201c lockerte sich bereits die Stimmung. Das Angebot von Wolfgang Menne, den von ihm ungeliebten Parmesank\u00e4se zu essen, wenn eine Weinfreundin einen Bauchtanz vorf\u00fchren w\u00fcrde, blieb unerf\u00fcllt. Der zur Probe gereichte Imbiss bestehend aus Salami, Parmesank\u00e4se und Brot war ein kleiner Vorgeschmack auf die kommenden Tage.<\/p>\n\n\n\n<p>Bei schw\u00fcl warmer Witterung schlenderten wir am See Iseo in Sarnico auf einer kleinen Promenade entlang und lernte hierbei die anderen Mitreisenden kennen.<\/p>\n\n\n\n<p>\u00dcberp\u00fcnktlich nahmen wir das erste Mal zu einem Schlemmeressen im Restaurant \u201eIl Tramin\u201c Platz. Das Vierg\u00e4nge-Menu, bestehend aus Risotto mit Champagner, Ravioli, gegrillter Forelle &#8211; nat\u00fcrlich aus dem Iseo-See &#8211; und zum Nachtisch Eis mit Erdbeeren und Ananas endete, wie fast immer in den kommenden Tagen, mit einem Espresso.<\/p>\n\n\n\n<p>Leider liegt unser Hotel in der Einflugschneise des Flughafens Bergamo der kein Nachtflugverbot hat, so dass der Schlaf nicht bei jedem durchg\u00e4ngig war. Heidi Sch\u00e4fer erfuhr gegen 23:04 Uhr, dass ihre T\u00fcr\u00f6ffnungskarte nicht defekt war, sondern dass sie versucht hatte, die T\u00fcr des Nachbarzimmers zu \u00f6ffnen.<\/p>\n\n\n\n<p><strong>Sonntag, 13. <strong>06.<\/strong>2010<\/strong><\/p>\n\n\n\n<p>Zur Besichtigung der Altstadt von Bergamo mit seinem norditalienischen Flair trafen wir auf unsere Stadtf\u00fchrerin Giovanna. Ihre ausladenden Gesten und ihre in die deutschsprachigen Erl\u00e4uterungen eingestreuten \u201eallora, eco, capito\u201c lie\u00dfen die Besichtigung zu einem besonderen Erlebnis werden. Nachdem Christian im Restaurant \u201eDa Mimmo\u201c die Men\u00fcfolge vorstellte, wurde die Frage, was wir denn heute am Abend essen w\u00fcrden mit dem Hinweis beantwortet, dass wir doch nicht zum Vergn\u00fcgen hier seien. Der Vorspeise mit Salami, Schinken, Speck, Polenta und Brot folgte als zweiter Gang Risotto, Nudeln mit Pilzen sowie Ravioli. Dass zu diesem Essen &#8211; wie auch zu allen anderen Mahlzeiten in den n\u00e4chsten Tagen &#8211; viel Wein getrunken wurde, muss nicht besonders erw\u00e4hnt werden. Bis zur Abfahrt zur \u201eCantina Sociale Bergamesca\u201c besuchten einige Reisemitglieder die obere Stadt mittels einer Standseilbahn.<\/p>\n\n\n\n<p>Bei der Weinprobe in der Cantina stellte uns Vanessa die Weinbauregion \u201eValcalepio\u201c mit den hier produzierten Weinen vor. Hier wie auch beim Abendessen auf dem Weingut \u201eLa Tordela\u201c in Torre de Roveri genossen wir die regionalen Weine. Auf die Vorspeise, bestehend aus Salami, Schinken, Eier, Gurke mit Parmesan und Leberpastete, folgten Muschelnudeln mit Wildschweinragout. Nach verschiedenen K\u00e4sesorten mit Senffr\u00fcchten servierte Signora Carlottas Tochter Linzertorte. Den Grappa, verfeinert mit Apfel und Zimt serviert in der benutzten Espressotasse, tranken die meisten vor dem Fernseher. Deutschland siegte 4:1. Monika Bley\u2018s Antwort auf die Frage, wer das erste Tor getreten habe, war \u201eBALLACK nat\u00fcrlich\u201c. Wolfgang Mennes Vorschlag auf der R\u00fcckfahrt zum Hotel, am n\u00e4chsten Morgen bereits um 6 Uhr nach Mailand zu starten, wurde lautstark einstimmig abgelehnt.<\/p>\n\n\n\n<p><strong>Montag, 14.<strong>06.<\/strong>2010<\/strong><\/p>\n\n\n\n<p>Leider war der Besuch des Mail\u00e4nder Doms wegen einer Trauerfeier und anschlie\u00dfender Hochzeit erst nach dem Mittagessen m\u00f6glich. Ein Bummel durch die \u201eGalleria Vittorio Emanuelle ll\u201c f\u00fchrte uns auch zur Scala. Die hohen Temperaturen lie\u00dfen nur einen kleinen Rundgang zum Shoppen und Besichtigen der Innenstadt zu. Das Mittagessen im Restaurant \u201eIl Salttino\u201c innerhalb der Galleria bestand wahlweise aus Vittello tonnato, Gem\u00fcsetarte, gegrilltem Fisch, herrlich gef\u00fcllten Cannelloni, Gambas und Risotto.<\/p>\n\n\n\n<p>Eine weitere Weinprobe mit Abendessen genossen wir im Weingut \u201eTallarini\u201c in Gandosso. Gestartet wurde mit Fingerfood und Sekt, es folgten Schinken- und Wurstspezialit\u00e4ten, Kalbsbraten mit Pommes frites. Zum Abschluss konnten wir Kuchen und einen herrlichen Passito genie\u00dfen.<\/p>\n\n\n\n<p><strong>Dienstag, 15.<strong>06.<\/strong>2010<\/strong><\/p>\n\n\n\n<p>Bei regnerischer Witterung starteten wir zur Besichtigung der K\u00e4serei \u201eArrigoni Batista\u201c zur Verkostung der dort hergestellten K\u00e4sesorten. Der hoch technisierte Betrieb wird von Mitgliedern der Familie gef\u00fchrt und beeindruckte uns mit seinen Produkten. Alle Reiseteilnehmer mussten Plastikm\u00e4ntel und \u2013hauben anziehen, nur so war uns der Eintritt erlaubt.<\/p>\n\n\n\n<p>Die Weinprobe im Gut \u201eMedolago Albani\u201c bei Trescore Balneario mit kleinen K\u00f6stlichkeiten war der letzte offizielle Besichtigungspunkt an diesem Tag. 6 Reiseteilnehmer fuhren am Abend mit Ute zu einem Spaziergang an einen kleinen Bergsee, ein kleiner Teil a\u00df im Hotel zu Abend und der Rest fastete beim Bier. Christian reiste mit der Bahn nach Mailand zum Zahnarzt.<\/p>\n\n\n\n<p><strong>Mittwoch, 16.<strong>06.<\/strong>2010<\/strong><\/p>\n\n\n\n<p>Erholung am Mittwoch bei Regen. Unser Programm wurde kurzerhand umgestellt und wir fuhren zuerst nach Bellagio an den Comer See. Der kurze Bummel durch den Ort veranlasste die Protokollf\u00fchrer zu der Feststellung, \u201cHier fahren wir noch mal hin, aber bitte bei trockenem und sonnigem Wetter\u201c. Danach chauffierte uns Ute routiniert und sicher den engen Weg am See entlang nach Como. Unser Mittagessen im \u201eLa Ghironda\u201c war wieder einmal hervorragend: Nach Nudeln mit einer Gem\u00fcseso\u00dfe gab es gebratene Forelle, Kartoffeln und Salat. Besonders ist uns hier der Chardonnay \u201eBarbera\u201c aus dem Piemont in Erinnerung geblieben, ein wei\u00dfer und roter Landwein, den wir leider nicht bestellen konnten.<\/p>\n\n\n\n<p>Bei dem folgenden Rundgang durch die Stadt besuchten wir zuerst den Dom in Como. Anschlie\u00dfend ging jeder seiner Wege und erkundete auf eigene Faust das Terrain.<\/p>\n\n\n\n<p>Der Tag endete in dem Restaurant \u201eCascina dei Frati\u201c in \u201eBrusaporto\u201c mit einem Menu rund um Meeresfr\u00fcchte:<\/p>\n\n\n\n<p>1. Gang: Frizzante mit Antipasti<br>2. Gang: Insalata di mare<br>3. Gang: Ravioli mit deiner Brassenf\u00fcllung und Tomaten-Meeresfr\u00fcchte-So\u00dfe<br>4. Gang: Fisch in der Wundert\u00fcte (Brasse, Miesmuscheln im Sud von Tomaten, Kapern und Petersilie)<br>5. Gang: Semis Freddo mit Mandeln auf einem Erdbeerspiegel, dazu Sekt<br>6. Gang: Espresso wie \u00fcblich<\/p>\n\n\n\n<p>Auch dieser Abend endete, wie die meisten Abende davor auch, auf unserer Hotelterrasse bei Bier und Grappa, um den Mineralstoffhaushalt auszugleichen.<\/p>\n\n\n\n<p><strong>Donnerstag, 17. 06.2010<\/strong><\/p>\n\n\n\n<p>Am Donnerstag stand die Besichtigung eines Wurstwaren- und Schinkenherstellers auf dem Programm. Trotz der doch strengen Ger\u00fcche in dem Produktionsbereich haben wir uns anschlie\u00dfend Wurst und Schinken schmecken lassen. Dazu wurde wie immer Wein angeboten. Es war wieder einmal zu viel des Guten.<\/p>\n\n\n\n<p>Im Weingut \u201eCaminella\u201c erwartete uns ein junger Direktor, der Margret Oltmanns schw\u00e4rmen lie\u00df: \u201eDas ist wieder ein kleiner Italiener zum Einpacken.\u201c Eine Besonderheit war der Weinkeller, der in den Berg gehauen worden war. Hier wurden wir bewirtet mit Maislasagne, gef\u00fcllt mit K\u00e4se und Speck. Anschlie\u00dfend gab es gef\u00fclltes Kaninchen mit Polenta auf Salat und zum Dessert Mascaponecreme mit Erdbeeren und Passito. Einfach herrlich!!!!<\/p>\n\n\n\n<p>Den Tag rundete ein Besuch des Kastells \u201eMalpaga\u201c ab. Die ausf\u00fchrliche Besichtigung der Burg \u2013 bekannt durch ihre Fresken &#8211; hat alle sehr beeindruckt.<\/p>\n\n\n\n<p>Den Abend verbrachte jeder individuell im und am Hotel.<\/p>\n\n\n\n<p><strong>Freitag, 18.<strong>06.<\/strong>2010<\/strong><\/p>\n\n\n\n<p>Unser letzter Programmtag vor der Abreise. Der Besuch der Kartause und das k\u00f6stliche Eis in Pavia wurden \u00fcbertroffen von der Weinprobe auf dem Weingut \u201eMontelio\u201c in Codevilla. Das angek\u00fcndigte kleine B\u00fcfett entpuppte sich als eines der geschmackvollsten und \u00fcppigsten der gesamten Reise. Die dazu angebotenen Weine waren Top. Nach der Besichtigung des Weinkellers kauften einige Weinfreunde ein und verteilten ihre \u201eBeute\u201e auf die PKW\u2018s der Autoreisenden. Am Abend fuhr uns Ute nach Bergamo zum Restaurant \u201e Giupi e Margi \u201e in dem ein herzlicher aber kurzer Abschied von Christian stattfand. Bereits im Bus hatte sich Reiner Sch\u00e4fer im Namen der Reisegruppe von Christian mit einem Bildband \u00fcber die Kulturhauptstadt Europa RUHR 2010 und bei Ute mit einem Geldgeschenk verabschiedet. Christian fuhr mit dem Nachtzug zu seiner Familie nach Wien und Ute blieb mit ihrem Sohn den Abend bei uns.<\/p>\n\n\n\n<p>Wir a\u00dfen Omelette, K\u00e4se mit Sardellen, Bohnensalat, Polenta mit Salami und Schinken sowie Pferdecarpaccio zur Vorspeise. Dann gab es gef\u00fcllte Nudeln in Butter mit Salbeibl\u00e4ttern geschwenkt, Rotweinrisotto mit Wurst, Kalbfleisch an Polenta und zum Nachtisch Vanilleeis mit Sahne.<\/p>\n\n\n\n<p><strong>Samstag, 19.<strong>06.<\/strong>2010<\/strong><\/p>\n\n\n\n<p>Nach dem Fr\u00fchst\u00fcck verabschiedeten sich die Flieger von den Autofahrern und Ute liefert uns p\u00fcnktlich zum Abflug nach Weeze am Flughafen Bergamo-Orio ab. Der R\u00fcckflug verlief ohne Probleme. P\u00fcnktlich landeten wir in Weeze. Schade, eine herrliche Reise war zu Ende.<\/p>\n\n\n\n<p>Reisebericht von Theo Wiehagen.<\/p>\n","protected":false},"excerpt":{"rendered":"<p>Samstag, 12.06.2010 bis Samstag, 19.06.2010 Samstag, 12.06.2010 Mit einer Dreiviertelstunde Versp\u00e4tung erreichte die Fliegergruppe Bergamo und wurde von Ute unserer Busfahrerin und Christian unserem Reiseleiter am Flughafen von Bergamo-Orio al Serio empfangen. Rechtzeitig vor Programbeginn trafen wir auf unsere mit &hellip; <a href=\"https:\/\/www.weinfreunde-vom-hellweg.de\/alex\/wordpress\/?page_id=3335\">Weiterlesen <span class=\"meta-nav\">&rarr;<\/span><\/a><\/p>\n","protected":false},"author":14,"featured_media":0,"parent":3232,"menu_order":10,"comment_status":"closed","ping_status":"closed","template":"","meta":{"ngg_post_thumbnail":0,"footnotes":""},"class_list":["post-3335","page","type-page","status-publish","hentry"],"_links":{"self":[{"href":"https:\/\/www.weinfreunde-vom-hellweg.de\/alex\/wordpress\/index.php?rest_route=\/wp\/v2\/pages\/3335","targetHints":{"allow":["GET"]}}],"collection":[{"href":"https:\/\/www.weinfreunde-vom-hellweg.de\/alex\/wordpress\/index.php?rest_route=\/wp\/v2\/pages"}],"about":[{"href":"https:\/\/www.weinfreunde-vom-hellweg.de\/alex\/wordpress\/index.php?rest_route=\/wp\/v2\/types\/page"}],"author":[{"embeddable":true,"href":"https:\/\/www.weinfreunde-vom-hellweg.de\/alex\/wordpress\/index.php?rest_route=\/wp\/v2\/users\/14"}],"replies":[{"embeddable":true,"href":"https:\/\/www.weinfreunde-vom-hellweg.de\/alex\/wordpress\/index.php?rest_route=%2Fwp%2Fv2%2Fcomments&post=3335"}],"version-history":[{"count":3,"href":"https:\/\/www.weinfreunde-vom-hellweg.de\/alex\/wordpress\/index.php?rest_route=\/wp\/v2\/pages\/3335\/revisions"}],"predecessor-version":[{"id":4707,"href":"https:\/\/www.weinfreunde-vom-hellweg.de\/alex\/wordpress\/index.php?rest_route=\/wp\/v2\/pages\/3335\/revisions\/4707"}],"up":[{"embeddable":true,"href":"https:\/\/www.weinfreunde-vom-hellweg.de\/alex\/wordpress\/index.php?rest_route=\/wp\/v2\/pages\/3232"}],"wp:attachment":[{"href":"https:\/\/www.weinfreunde-vom-hellweg.de\/alex\/wordpress\/index.php?rest_route=%2Fwp%2Fv2%2Fmedia&parent=3335"}],"curies":[{"name":"wp","href":"https:\/\/api.w.org\/{rel}","templated":true}]}}