{"id":3408,"date":"2024-11-24T19:04:44","date_gmt":"2024-11-24T17:04:44","guid":{"rendered":"https:\/\/www.weinfreunde-vom-hellweg.de\/alex\/wordpress\/?page_id=3408"},"modified":"2024-11-24T21:00:58","modified_gmt":"2024-11-24T19:00:58","slug":"weinstammtisch-nahe-weine","status":"publish","type":"page","link":"https:\/\/www.weinfreunde-vom-hellweg.de\/alex\/wordpress\/?page_id=3408","title":{"rendered":"Weinstammtisch \u201eNahe-Weine\u201c"},"content":{"rendered":"\n<p>Freitag, 24.05.2024, 19 Uhr in Hemer<\/p>\n\n\n\n<p>\u00dcber Jahre war es sch\u00f6ne Tradition, dass Weinfreunde Mitglieder zu einem Weinstammtisch eingeladen haben. Mit diesem Stammtisch m\u00f6chten wir diese Tradition wieder zum Leben erwecken. Unser Weinfreund Andreras Braier l\u00e4dt zu einem Weinstammtisch zum Thema \u201eNahe-Weine\u201c ein. Bei Gegrilltem und Salat werden wir eine kleine, aber feine Auswahl an Nahe-Weinen verkosten k\u00f6nnen.<\/p>\n\n\n\n<p>Diese Weine wurden verk\u00f6stigt:<\/p>\n\n\n\n<p>2021er Chardonnay St\u00fcckfass vom Weingut Jakob Schneider<br><a href=\"https:\/\/www.schneider-wein.com\/\" target=\"_blank\" rel=\"noreferrer noopener\">https:\/\/www.schneider-wein.com\/<\/a><br>(Das St\u00fcckfass ist ein veraltetes Volumenma\u00df, das nach dem Gebinde f\u00fcr Wein benannt wurde, es war regional unterschiedlich.)<br><br>2023er Merlot Blanc de Noir trocken vom Weingut Christian Bamberger 1658<br><a href=\"https:\/\/www.cb-wein.de\/360-start.html\" target=\"_blank\" rel=\"noreferrer noopener\">https:\/\/www.cb-wein.de\/360-start.html<\/a><br><br>2020er Merlot trocken vom Weingut Christian Bamberger 1658<br><a href=\"https:\/\/www.cb-wein.de\/360-start.html\" target=\"_blank\" rel=\"noreferrer noopener\">https:\/\/www.cb-wein.de\/360-start.html<\/a><\/p>\n\n\n\n<p>Ein Wei\u00dfburgunder vom Weingut Forster<br><a href=\"https:\/\/www.weingutforster.de\/\" target=\"_blank\" rel=\"noreferrer noopener\">https:\/\/www.weingutforster.de\/<\/a><\/p>\n","protected":false},"excerpt":{"rendered":"<p>Freitag, 24.05.2024, 19 Uhr in Hemer \u00dcber Jahre war es sch\u00f6ne Tradition, dass Weinfreunde Mitglieder zu einem Weinstammtisch eingeladen haben. Mit diesem Stammtisch m\u00f6chten wir diese Tradition wieder zum Leben erwecken. Unser Weinfreund Andreras Braier l\u00e4dt zu einem Weinstammtisch zum &hellip; <a href=\"https:\/\/www.weinfreunde-vom-hellweg.de\/alex\/wordpress\/?page_id=3408\">Weiterlesen <span class=\"meta-nav\">&rarr;<\/span><\/a><\/p>\n","protected":false},"author":14,"featured_media":0,"parent":3359,"menu_order":8,"comment_status":"closed","ping_status":"closed","template":"","meta":{"ngg_post_thumbnail":0,"footnotes":""},"class_list":["post-3408","page","type-page","status-publish","hentry"],"_links":{"self":[{"href":"https:\/\/www.weinfreunde-vom-hellweg.de\/alex\/wordpress\/index.php?rest_route=\/wp\/v2\/pages\/3408","targetHints":{"allow":["GET"]}}],"collection":[{"href":"https:\/\/www.weinfreunde-vom-hellweg.de\/alex\/wordpress\/index.php?rest_route=\/wp\/v2\/pages"}],"about":[{"href":"https:\/\/www.weinfreunde-vom-hellweg.de\/alex\/wordpress\/index.php?rest_route=\/wp\/v2\/types\/page"}],"author":[{"embeddable":true,"href":"https:\/\/www.weinfreunde-vom-hellweg.de\/alex\/wordpress\/index.php?rest_route=\/wp\/v2\/users\/14"}],"replies":[{"embeddable":true,"href":"https:\/\/www.weinfreunde-vom-hellweg.de\/alex\/wordpress\/index.php?rest_route=%2Fwp%2Fv2%2Fcomments&post=3408"}],"version-history":[{"count":4,"href":"https:\/\/www.weinfreunde-vom-hellweg.de\/alex\/wordpress\/index.php?rest_route=\/wp\/v2\/pages\/3408\/revisions"}],"predecessor-version":[{"id":3441,"href":"https:\/\/www.weinfreunde-vom-hellweg.de\/alex\/wordpress\/index.php?rest_route=\/wp\/v2\/pages\/3408\/revisions\/3441"}],"up":[{"embeddable":true,"href":"https:\/\/www.weinfreunde-vom-hellweg.de\/alex\/wordpress\/index.php?rest_route=\/wp\/v2\/pages\/3359"}],"wp:attachment":[{"href":"https:\/\/www.weinfreunde-vom-hellweg.de\/alex\/wordpress\/index.php?rest_route=%2Fwp%2Fv2%2Fmedia&parent=3408"}],"curies":[{"name":"wp","href":"https:\/\/api.w.org\/{rel}","templated":true}]}}