{"id":3461,"date":"2024-11-25T12:41:12","date_gmt":"2024-11-25T10:41:12","guid":{"rendered":"https:\/\/www.weinfreunde-vom-hellweg.de\/alex\/wordpress\/?page_id=3461"},"modified":"2024-11-25T13:49:50","modified_gmt":"2024-11-25T11:49:50","slug":"weine-von-der-algarve","status":"publish","type":"page","link":"https:\/\/www.weinfreunde-vom-hellweg.de\/alex\/wordpress\/?page_id=3461","title":{"rendered":"Weine von der Algarve"},"content":{"rendered":"\n<p>Donnerstag, 16.03.2023, 19:30 Uhr im Atelier der Lindenbrauerei Unna<\/p>\n\n\n\n<p>3.000 Sonnenstunden im Jahr, bizarre Felsformationen und malerische Str\u00e4nde, das ist Portugals s\u00fcdlichste Weinbauregion.<\/p>\n\n\n\n<p>Nachdem in den 80er und 90er Jahren Anbaufl\u00e4chen zu Gunsten von Investoren f\u00fcr Hotel- und Immobilienanlagen aufgegeben wurden, haben einheimische und ausl\u00e4ndische Akteure das Potential der Region (wieder) entdeckt. Insgesamt 42 in der CVA (Commiss\u00e3o Vitivin\u00edcola do Algarve) verzeichnete Weing\u00fcter produzieren in vier klassifizierten DOC Regionen Wei\u00df-, Ros\u00e9- und Rotweine, die qualitativ keinen Vergleich mit anderen Regionen scheuen m\u00fcssen. Autochthone Rebsorten, reinsortig oder in Cuv\u00e9es ausgebaut, sorgen f\u00fcr besondere Geschmackserlebnisse mit Weinen, die von hei\u00dfen Tagen, k\u00fchlen N\u00e4chten und der N\u00e4he zum Atlantik profitieren.<\/p>\n\n\n\n<p><a href=\"https:\/\/www.weinfreunde-vom-hellweg.de\/alex\/wordpress\/wp-content\/uploads\/2024\/11\/2023-03-16-Weinliste-Algarve.pdf\" target=\"_blank\" rel=\"noreferrer noopener\">Weinliste<\/a> (PDF)<\/p>\n\n\n\n<p><a href=\"https:\/\/www.weinfreunde-vom-hellweg.de\/alex\/wordpress\/wp-content\/uploads\/2024\/11\/2023-03-16-Weinbewertung-Algarve.pdf\" target=\"_blank\" rel=\"noreferrer noopener\">Weinbewertung<\/a> (PDF)<\/p>\n\n\n\n<p><a href=\"https:\/\/www.weinfreunde-vom-hellweg.de\/alex\/wordpress\/wp-content\/uploads\/2024\/11\/2023-03-16-Zeitungsartikel-Algarve.pdf\" target=\"_blank\" rel=\"noreferrer noopener\">Zeitungsartikel<\/a> (PDF)<\/p>\n","protected":false},"excerpt":{"rendered":"<p>Donnerstag, 16.03.2023, 19:30 Uhr im Atelier der Lindenbrauerei Unna 3.000 Sonnenstunden im Jahr, bizarre Felsformationen und malerische Str\u00e4nde, das ist Portugals s\u00fcdlichste Weinbauregion. Nachdem in den 80er und 90er Jahren Anbaufl\u00e4chen zu Gunsten von Investoren f\u00fcr Hotel- und Immobilienanlagen aufgegeben &hellip; <a href=\"https:\/\/www.weinfreunde-vom-hellweg.de\/alex\/wordpress\/?page_id=3461\">Weiterlesen <span class=\"meta-nav\">&rarr;<\/span><\/a><\/p>\n","protected":false},"author":14,"featured_media":0,"parent":3355,"menu_order":5,"comment_status":"closed","ping_status":"closed","template":"","meta":{"ngg_post_thumbnail":0,"footnotes":""},"class_list":["post-3461","page","type-page","status-publish","hentry"],"_links":{"self":[{"href":"https:\/\/www.weinfreunde-vom-hellweg.de\/alex\/wordpress\/index.php?rest_route=\/wp\/v2\/pages\/3461","targetHints":{"allow":["GET"]}}],"collection":[{"href":"https:\/\/www.weinfreunde-vom-hellweg.de\/alex\/wordpress\/index.php?rest_route=\/wp\/v2\/pages"}],"about":[{"href":"https:\/\/www.weinfreunde-vom-hellweg.de\/alex\/wordpress\/index.php?rest_route=\/wp\/v2\/types\/page"}],"author":[{"embeddable":true,"href":"https:\/\/www.weinfreunde-vom-hellweg.de\/alex\/wordpress\/index.php?rest_route=\/wp\/v2\/users\/14"}],"replies":[{"embeddable":true,"href":"https:\/\/www.weinfreunde-vom-hellweg.de\/alex\/wordpress\/index.php?rest_route=%2Fwp%2Fv2%2Fcomments&post=3461"}],"version-history":[{"count":3,"href":"https:\/\/www.weinfreunde-vom-hellweg.de\/alex\/wordpress\/index.php?rest_route=\/wp\/v2\/pages\/3461\/revisions"}],"predecessor-version":[{"id":3524,"href":"https:\/\/www.weinfreunde-vom-hellweg.de\/alex\/wordpress\/index.php?rest_route=\/wp\/v2\/pages\/3461\/revisions\/3524"}],"up":[{"embeddable":true,"href":"https:\/\/www.weinfreunde-vom-hellweg.de\/alex\/wordpress\/index.php?rest_route=\/wp\/v2\/pages\/3355"}],"wp:attachment":[{"href":"https:\/\/www.weinfreunde-vom-hellweg.de\/alex\/wordpress\/index.php?rest_route=%2Fwp%2Fv2%2Fmedia&parent=3461"}],"curies":[{"name":"wp","href":"https:\/\/api.w.org\/{rel}","templated":true}]}}