{"id":4693,"date":"2024-12-03T17:33:50","date_gmt":"2024-12-03T16:33:50","guid":{"rendered":"https:\/\/www.weinfreunde-vom-hellweg.de\/alex\/wordpress\/?page_id=4693"},"modified":"2024-12-28T17:20:34","modified_gmt":"2024-12-28T16:20:34","slug":"weinland-suedtirol","status":"publish","type":"page","link":"https:\/\/www.weinfreunde-vom-hellweg.de\/alex\/wordpress\/?page_id=4693","title":{"rendered":"Weinland S\u00fcdtirol"},"content":{"rendered":"\n<p>Donnerstag, 25.02.2010, 19:30 Uhr im Atelier der Lindenbrauerei Unna<\/p>\n\n\n\n<p>Andreas Braier und Helmut Eichhorst, Mitglieder des Vereins\u00a0 f\u00fchrten uns anhand einer PP-Pr\u00e4sentation in die reizvolle Landschaft s\u00fcdlich der Alpen. Sie stellten uns w\u00e4hrend der Verkostung die Weing\u00fcter\u00a0 und die Weine in der unten aufgef\u00fchrten Tabelle vor. Gew\u00fcrztraminer, Lagrein und Kalterer See sind u.a. typische Weine f\u00fcr S\u00fcdtirol. Sie sind in der Region stark vertreten und gedeihen dort aufgrund des milden Klimas besonders gut.<br>Dazu gab es verschiedene Sorten\u00a0 K\u00e4se, Kaminwurzen\u00a0 und die bekanntesten Spezialit\u00e4ten S\u00fcdtirols \u2013 Speck\u00a0 und\u00a0 Sch\u00fcttelbrot \u2013 , alles in erstklassiger Qualit\u00e4t. Das Brot hat den Namen aufgrund seiner Herstellung und ist ein beliebter Begleiter zu Wein, K\u00e4se, Speck und Schinken.<br>Vom 02.10. \u2013 10.10.2010\u00a0 findet eine <a href=\"https:\/\/www.weinfreunde-vom-hellweg.de\/alex\/wordpress\/?page_id=3278\" target=\"_blank\" rel=\"noreferrer noopener\">Wein- und Erlebnisreise nach S\u00fcdtirol<\/a> statt. Das vorl\u00e4ufige Programm wurde im Anschluss an die Weinverkostung von den beiden Referenten vorgestellt.<\/p>\n\n\n\n<p><a href=\"https:\/\/www.weinfreunde-vom-hellweg.de\/alex\/wordpress\/wp-content\/uploads\/2010-02-25-Weinbewertung-Suedtirol.pdf\" target=\"_blank\" rel=\"noreferrer noopener\">Weinbewertung<\/a> (PDF)<\/p>\n","protected":false},"excerpt":{"rendered":"<p>Donnerstag, 25.02.2010, 19:30 Uhr im Atelier der Lindenbrauerei Unna Andreas Braier und Helmut Eichhorst, Mitglieder des Vereins\u00a0 f\u00fchrten uns anhand einer PP-Pr\u00e4sentation in die reizvolle Landschaft s\u00fcdlich der Alpen. Sie stellten uns w\u00e4hrend der Verkostung die Weing\u00fcter\u00a0 und die Weine &hellip; <a href=\"https:\/\/www.weinfreunde-vom-hellweg.de\/alex\/wordpress\/?page_id=4693\">Weiterlesen <span class=\"meta-nav\">&rarr;<\/span><\/a><\/p>\n","protected":false},"author":14,"featured_media":0,"parent":3232,"menu_order":4,"comment_status":"closed","ping_status":"closed","template":"","meta":{"ngg_post_thumbnail":0,"footnotes":""},"class_list":["post-4693","page","type-page","status-publish","hentry"],"_links":{"self":[{"href":"https:\/\/www.weinfreunde-vom-hellweg.de\/alex\/wordpress\/index.php?rest_route=\/wp\/v2\/pages\/4693","targetHints":{"allow":["GET"]}}],"collection":[{"href":"https:\/\/www.weinfreunde-vom-hellweg.de\/alex\/wordpress\/index.php?rest_route=\/wp\/v2\/pages"}],"about":[{"href":"https:\/\/www.weinfreunde-vom-hellweg.de\/alex\/wordpress\/index.php?rest_route=\/wp\/v2\/types\/page"}],"author":[{"embeddable":true,"href":"https:\/\/www.weinfreunde-vom-hellweg.de\/alex\/wordpress\/index.php?rest_route=\/wp\/v2\/users\/14"}],"replies":[{"embeddable":true,"href":"https:\/\/www.weinfreunde-vom-hellweg.de\/alex\/wordpress\/index.php?rest_route=%2Fwp%2Fv2%2Fcomments&post=4693"}],"version-history":[{"count":3,"href":"https:\/\/www.weinfreunde-vom-hellweg.de\/alex\/wordpress\/index.php?rest_route=\/wp\/v2\/pages\/4693\/revisions"}],"predecessor-version":[{"id":5017,"href":"https:\/\/www.weinfreunde-vom-hellweg.de\/alex\/wordpress\/index.php?rest_route=\/wp\/v2\/pages\/4693\/revisions\/5017"}],"up":[{"embeddable":true,"href":"https:\/\/www.weinfreunde-vom-hellweg.de\/alex\/wordpress\/index.php?rest_route=\/wp\/v2\/pages\/3232"}],"wp:attachment":[{"href":"https:\/\/www.weinfreunde-vom-hellweg.de\/alex\/wordpress\/index.php?rest_route=%2Fwp%2Fv2%2Fmedia&parent=4693"}],"curies":[{"name":"wp","href":"https:\/\/api.w.org\/{rel}","templated":true}]}}