{"id":74,"date":"2010-08-05T17:49:00","date_gmt":"2010-08-05T15:49:00","guid":{"rendered":"http:\/\/www.weinfreunde-vom-hellweg.de\/alex\/wordpress\/?page_id=74"},"modified":"2025-05-16T19:09:39","modified_gmt":"2025-05-16T17:09:39","slug":"unser-weinkeller","status":"publish","type":"page","link":"https:\/\/www.weinfreunde-vom-hellweg.de\/alex\/wordpress\/?page_id=74","title":{"rendered":"Unser Weinkeller"},"content":{"rendered":"\n<p>Seit der Vereinsgr\u00fcndung war es ein gro\u00dfer Wunsch der Weinfreunde vom Hellweg, einen vereinseigenen Weinkeller anzulegen. Vom Wunsch zur Realisierung war es ein langer Weg. Die R\u00e4umlichkeit sollte nach M\u00f6glichkeit zentral liegen, eine gleichm\u00e4\u00dfige Temperatur aufweisen, verschlie\u00dfbar und doch leicht zug\u00e4nglich sein Und erschwinglich musste der Keller auch noch sein. Nach langem Suchen ist es gelungen, den idealen Raum anzumieten: den Gew\u00f6lbekeller des Nicolaihauses in Unna.<\/p>\n\n\n\n<div class=\"wp-block-media-text is-stacked-on-mobile is-image-fill-element\"><figure class=\"wp-block-media-text__media\"><img loading=\"lazy\" decoding=\"async\" width=\"920\" height=\"691\" src=\"https:\/\/www.weinfreunde-vom-hellweg.de\/alex\/wordpress\/wp-content\/uploads\/2025-01-06-Weinkeller-Nicolaihaus.jpg\" alt=\"\" class=\"wp-image-5288 size-full\" style=\"object-position:50% 50%\" srcset=\"https:\/\/www.weinfreunde-vom-hellweg.de\/alex\/wordpress\/wp-content\/uploads\/2025-01-06-Weinkeller-Nicolaihaus.jpg 920w, https:\/\/www.weinfreunde-vom-hellweg.de\/alex\/wordpress\/wp-content\/uploads\/2025-01-06-Weinkeller-Nicolaihaus-300x225.jpg 300w, https:\/\/www.weinfreunde-vom-hellweg.de\/alex\/wordpress\/wp-content\/uploads\/2025-01-06-Weinkeller-Nicolaihaus-768x577.jpg 768w\" sizes=\"auto, (max-width: 920px) 100vw, 920px\" \/><\/figure><div class=\"wp-block-media-text__content\">\n<p>Das Nicolaihaus ist eines der \u00e4ltesten Geb\u00e4ude der Stadt. Es wurde nach dem gro\u00dfen Stadtbrand 1723 auf den Fundamenten des alten Geb\u00e4udes wieder errichtet. Nach der \u00dcberlieferung hat an dieser Stelle der bekannte Prediger Philipp Nicolai gewohnt, der von 1596-1601 in Unna wirkte. In den 1990er Jahren wurde das Geb\u00e4ude aufw\u00e4ndig restauriert.<\/p>\n<\/div><\/div>\n\n\n\n<p>Heute ist im Obergeschoss die Komponistinnen-Bibliothek untergebracht, das Erdgeschoss wurde zu einem Veranstaltungsraum umgestaltet. Ungenutzt blieb der Gew\u00f6lbekeller, der noch aus der ersten Bauphase des Geb\u00e4udes stammt.<\/p>\n\n\n\n<p>Auf Vermittlung unseres Weinfreundes und fr\u00fcheren B\u00fcrgermeisters der Stadt, Wilhelm D\u00f6rdelmann, durften wir gegen ein bezahlbares Entgelt einen Teil des Kellers abtrennen und als Weinlager herrichten. Genau das, was wir suchten: zentrale Lage, ideal als Weinkeller geeignet, untergebracht in einem historischen Geb\u00e4ude im romantisch verwinkelten Nicolaiviertel. Dank an die Stadt und den Vermittler!<\/p>\n\n\n\n<p>Zur Abtrennung des Weinkellers wurde ein schmiedeeisernes Gitter angebracht, der Entwurf daf\u00fcr stammt von unserem Weinfreund M\u00fcller-Kotsch. Dahinter warten rotbraune Steingutregale darauf, mit Weinflaschen gef\u00fcllt zu werden.<\/p>\n\n\n\n<p class=\"has-medium-font-size\"><strong>Die Er\u00f6ffnung des Weinkellers<\/strong><\/p>\n\n\n\n<div class=\"wp-block-media-text is-stacked-on-mobile\" style=\"grid-template-columns:43% auto\"><figure class=\"wp-block-media-text__media\"><img loading=\"lazy\" decoding=\"async\" width=\"1000\" height=\"611\" src=\"https:\/\/www.weinfreunde-vom-hellweg.de\/alex\/wordpress\/wp-content\/uploads\/2025-01-06-Weinkeller-aussen.jpg\" alt=\"\" class=\"wp-image-5286 size-full\" srcset=\"https:\/\/www.weinfreunde-vom-hellweg.de\/alex\/wordpress\/wp-content\/uploads\/2025-01-06-Weinkeller-aussen.jpg 1000w, https:\/\/www.weinfreunde-vom-hellweg.de\/alex\/wordpress\/wp-content\/uploads\/2025-01-06-Weinkeller-aussen-300x183.jpg 300w, https:\/\/www.weinfreunde-vom-hellweg.de\/alex\/wordpress\/wp-content\/uploads\/2025-01-06-Weinkeller-aussen-768x469.jpg 768w\" sizes=\"auto, (max-width: 1000px) 100vw, 1000px\" \/><\/figure><div class=\"wp-block-media-text__content\">\n<p>Am 15. Mai 2006 war es soweit: Reiner Sch\u00e4fer er\u00f6ffnet um 17 Uhr in Anwesenheit vieler G\u00e4ste, unter ihnen auch der B\u00fcrgermeister der Stadt Unna, Werner Kolter, sowie zahlreich erschienener Vereinsmitglieder unseren Weinkeller. <\/p>\n<\/div><\/div>\n\n\n\n<p>Deckenspots setzten das Abtrenngitter und die Weinregale ins rechte Licht, w\u00e4hrend der \u00fcbrige Raum von Kerzen in eine romantische Atmosph\u00e4re getaucht wurde. Im Versammlungsraum im Erdgeschoss wurde mit Fingerfood und Sekt die Er\u00f6ffnung geb\u00fchrend begangen.<br>Die ersten Kellermeister waren unsere Weinfreunde Peter Schampera und Frank Alexander Schepp.<\/p>\n\n\n\n<p class=\"has-medium-font-size\"><strong>Der Weinkeller heute<\/strong><\/p>\n\n\n\n<p>Unser Weinkeller ist mittlerweile fester Bestandteil der Unnaer Altstadt, die Stadtf\u00fchrer haben unseren Weinkeller in ihre F\u00fchrungen aufgenommen.<\/p>\n\n\n\n<div class=\"wp-block-media-text is-stacked-on-mobile is-image-fill-element\"><figure class=\"wp-block-media-text__media\"><img loading=\"lazy\" decoding=\"async\" width=\"1000\" height=\"710\" src=\"https:\/\/www.weinfreunde-vom-hellweg.de\/alex\/wordpress\/wp-content\/uploads\/2025-01-06-Weinkeller-Kellermeister.jpg\" alt=\"\" class=\"wp-image-5287 size-full\" style=\"object-position:50% 50%\" srcset=\"https:\/\/www.weinfreunde-vom-hellweg.de\/alex\/wordpress\/wp-content\/uploads\/2025-01-06-Weinkeller-Kellermeister.jpg 1000w, https:\/\/www.weinfreunde-vom-hellweg.de\/alex\/wordpress\/wp-content\/uploads\/2025-01-06-Weinkeller-Kellermeister-300x213.jpg 300w, https:\/\/www.weinfreunde-vom-hellweg.de\/alex\/wordpress\/wp-content\/uploads\/2025-01-06-Weinkeller-Kellermeister-768x545.jpg 768w\" sizes=\"auto, (max-width: 1000px) 100vw, 1000px\" \/><\/figure><div class=\"wp-block-media-text__content\">\n<p>Die Best\u00e4nde sind im Laufe der Zeit gewachsen, es wurde Platz f\u00fcr mehr als 400 Flaschen geschaffen.<br>Wein hat je nach Sorte eine maximale Lagerzeit, andere Weine lagert man mehrere Jahre, damit sie ihre Trinkreife bekommen. Bei den Weinfreunden vom Hellweg wird die Digitalisierung als Hilfsmittel eingesetzt: Die Best\u00e4nde werden heute mit einem digitalen Kellerbuch erfasst, damit der \u00dcberblick nicht verloren geht.<\/p>\n<\/div><\/div>\n\n\n\n<p>Der Kellermeister:<br>Andreas Braier<\/p>\n\n\n\n<div class=\"wp-block-columns is-layout-flex wp-container-core-columns-is-layout-9d6595d7 wp-block-columns-is-layout-flex\">\n<div class=\"wp-block-column is-layout-flow wp-block-column-is-layout-flow\">\n<figure class=\"wp-block-gallery has-nested-images columns-default is-cropped wp-block-gallery-1 is-layout-flex wp-block-gallery-is-layout-flex\">\n<figure class=\"wp-block-image size-large\"><img loading=\"lazy\" decoding=\"async\" width=\"1000\" height=\"562\" data-id=\"5290\" src=\"https:\/\/www.weinfreunde-vom-hellweg.de\/alex\/wordpress\/wp-content\/uploads\/2025-01-06-Weinkeller-Uebersicht-1.jpg\" alt=\"\" class=\"wp-image-5290\" srcset=\"https:\/\/www.weinfreunde-vom-hellweg.de\/alex\/wordpress\/wp-content\/uploads\/2025-01-06-Weinkeller-Uebersicht-1.jpg 1000w, https:\/\/www.weinfreunde-vom-hellweg.de\/alex\/wordpress\/wp-content\/uploads\/2025-01-06-Weinkeller-Uebersicht-1-300x169.jpg 300w, https:\/\/www.weinfreunde-vom-hellweg.de\/alex\/wordpress\/wp-content\/uploads\/2025-01-06-Weinkeller-Uebersicht-1-768x432.jpg 768w\" sizes=\"auto, (max-width: 1000px) 100vw, 1000px\" \/><\/figure>\n\n\n\n<figure class=\"wp-block-image size-large\"><img loading=\"lazy\" decoding=\"async\" width=\"1000\" height=\"562\" data-id=\"5291\" src=\"https:\/\/www.weinfreunde-vom-hellweg.de\/alex\/wordpress\/wp-content\/uploads\/2025-01-06-Weinkeller-Uebersicht-2.jpg\" alt=\"\" class=\"wp-image-5291\" srcset=\"https:\/\/www.weinfreunde-vom-hellweg.de\/alex\/wordpress\/wp-content\/uploads\/2025-01-06-Weinkeller-Uebersicht-2.jpg 1000w, https:\/\/www.weinfreunde-vom-hellweg.de\/alex\/wordpress\/wp-content\/uploads\/2025-01-06-Weinkeller-Uebersicht-2-300x169.jpg 300w, https:\/\/www.weinfreunde-vom-hellweg.de\/alex\/wordpress\/wp-content\/uploads\/2025-01-06-Weinkeller-Uebersicht-2-768x432.jpg 768w\" sizes=\"auto, (max-width: 1000px) 100vw, 1000px\" \/><\/figure>\n\n\n\n<figure class=\"wp-block-image size-large\"><img loading=\"lazy\" decoding=\"async\" width=\"1000\" height=\"549\" data-id=\"5289\" src=\"https:\/\/www.weinfreunde-vom-hellweg.de\/alex\/wordpress\/wp-content\/uploads\/2025-01-06-Weinkeller-Stabiles-Klima.jpg\" alt=\"\" class=\"wp-image-5289\" srcset=\"https:\/\/www.weinfreunde-vom-hellweg.de\/alex\/wordpress\/wp-content\/uploads\/2025-01-06-Weinkeller-Stabiles-Klima.jpg 1000w, https:\/\/www.weinfreunde-vom-hellweg.de\/alex\/wordpress\/wp-content\/uploads\/2025-01-06-Weinkeller-Stabiles-Klima-300x165.jpg 300w, https:\/\/www.weinfreunde-vom-hellweg.de\/alex\/wordpress\/wp-content\/uploads\/2025-01-06-Weinkeller-Stabiles-Klima-768x422.jpg 768w\" sizes=\"auto, (max-width: 1000px) 100vw, 1000px\" \/><\/figure>\n\n\n\n<figure class=\"wp-block-image size-large\"><img loading=\"lazy\" decoding=\"async\" width=\"1000\" height=\"544\" data-id=\"5293\" src=\"https:\/\/www.weinfreunde-vom-hellweg.de\/alex\/wordpress\/wp-content\/uploads\/2025-01-06-Weinkeller-Alte-Schaetze.jpg\" alt=\"\" class=\"wp-image-5293\" srcset=\"https:\/\/www.weinfreunde-vom-hellweg.de\/alex\/wordpress\/wp-content\/uploads\/2025-01-06-Weinkeller-Alte-Schaetze.jpg 1000w, https:\/\/www.weinfreunde-vom-hellweg.de\/alex\/wordpress\/wp-content\/uploads\/2025-01-06-Weinkeller-Alte-Schaetze-300x163.jpg 300w, https:\/\/www.weinfreunde-vom-hellweg.de\/alex\/wordpress\/wp-content\/uploads\/2025-01-06-Weinkeller-Alte-Schaetze-768x418.jpg 768w\" sizes=\"auto, (max-width: 1000px) 100vw, 1000px\" \/><\/figure>\n\n\n\n<figure class=\"wp-block-image size-large\"><img loading=\"lazy\" decoding=\"async\" width=\"1000\" height=\"582\" data-id=\"5292\" src=\"https:\/\/www.weinfreunde-vom-hellweg.de\/alex\/wordpress\/wp-content\/uploads\/2025-01-06-Weinkelller-Raritaeten.jpg\" alt=\"\" class=\"wp-image-5292\" srcset=\"https:\/\/www.weinfreunde-vom-hellweg.de\/alex\/wordpress\/wp-content\/uploads\/2025-01-06-Weinkelller-Raritaeten.jpg 1000w, https:\/\/www.weinfreunde-vom-hellweg.de\/alex\/wordpress\/wp-content\/uploads\/2025-01-06-Weinkelller-Raritaeten-300x175.jpg 300w, https:\/\/www.weinfreunde-vom-hellweg.de\/alex\/wordpress\/wp-content\/uploads\/2025-01-06-Weinkelller-Raritaeten-768x447.jpg 768w\" sizes=\"auto, (max-width: 1000px) 100vw, 1000px\" \/><\/figure>\n<\/figure>\n<\/div>\n\n\n\n<div class=\"wp-block-column is-layout-flow wp-block-column-is-layout-flow\" style=\"flex-basis:200px\">\nngg_shortcode_0_placeholder\n<\/div>\n<\/div>\n","protected":false},"excerpt":{"rendered":"<p>Seit der Vereinsgr\u00fcndung war es ein gro\u00dfer Wunsch der Weinfreunde vom Hellweg, einen vereinseigenen Weinkeller anzulegen. Vom Wunsch zur Realisierung war es ein langer Weg. Die R\u00e4umlichkeit sollte nach M\u00f6glichkeit zentral liegen, eine gleichm\u00e4\u00dfige Temperatur aufweisen, verschlie\u00dfbar und doch leicht &hellip; <a href=\"https:\/\/www.weinfreunde-vom-hellweg.de\/alex\/wordpress\/?page_id=74\">Weiterlesen <span class=\"meta-nav\">&rarr;<\/span><\/a><\/p>\n","protected":false},"author":12,"featured_media":0,"parent":0,"menu_order":2,"comment_status":"closed","ping_status":"open","template":"","meta":{"ngg_post_thumbnail":0,"footnotes":""},"class_list":["post-74","page","type-page","status-publish","hentry"],"_links":{"self":[{"href":"https:\/\/www.weinfreunde-vom-hellweg.de\/alex\/wordpress\/index.php?rest_route=\/wp\/v2\/pages\/74","targetHints":{"allow":["GET"]}}],"collection":[{"href":"https:\/\/www.weinfreunde-vom-hellweg.de\/alex\/wordpress\/index.php?rest_route=\/wp\/v2\/pages"}],"about":[{"href":"https:\/\/www.weinfreunde-vom-hellweg.de\/alex\/wordpress\/index.php?rest_route=\/wp\/v2\/types\/page"}],"author":[{"embeddable":true,"href":"https:\/\/www.weinfreunde-vom-hellweg.de\/alex\/wordpress\/index.php?rest_route=\/wp\/v2\/users\/12"}],"replies":[{"embeddable":true,"href":"https:\/\/www.weinfreunde-vom-hellweg.de\/alex\/wordpress\/index.php?rest_route=%2Fwp%2Fv2%2Fcomments&post=74"}],"version-history":[{"count":22,"href":"https:\/\/www.weinfreunde-vom-hellweg.de\/alex\/wordpress\/index.php?rest_route=\/wp\/v2\/pages\/74\/revisions"}],"predecessor-version":[{"id":5636,"href":"https:\/\/www.weinfreunde-vom-hellweg.de\/alex\/wordpress\/index.php?rest_route=\/wp\/v2\/pages\/74\/revisions\/5636"}],"wp:attachment":[{"href":"https:\/\/www.weinfreunde-vom-hellweg.de\/alex\/wordpress\/index.php?rest_route=%2Fwp%2Fv2%2Fmedia&parent=74"}],"curies":[{"name":"wp","href":"https:\/\/api.w.org\/{rel}","templated":true}]}}